{"id":1384,"date":"2025-03-24T10:50:46","date_gmt":"2025-03-24T10:50:46","guid":{"rendered":"https:\/\/homologcop30.pactoglobal.org.br\/?page_id=1384"},"modified":"2025-11-11T14:51:34","modified_gmt":"2025-11-11T14:51:34","slug":"en","status":"publish","type":"page","link":"https:\/\/cop30.pactoglobal.org.br\/index.php\/en\/","title":{"rendered":"Home"},"content":{"rendered":"\t\t<div data-elementor-type=\"wp-page\" data-elementor-id=\"1384\" class=\"elementor elementor-1384\">\n\t\t\t\t\t\t<section class=\"elementor-section elementor-top-section elementor-element elementor-element-f5993d4 elementor-section-full_width elementor-section-height-default elementor-section-height-default\" data-id=\"f5993d4\" data-element_type=\"section\">\n\t\t\t\t\t\t<div class=\"elementor-container elementor-column-gap-no\">\n\t\t\t\t\t<div class=\"elementor-column elementor-col-100 elementor-top-column elementor-element elementor-element-70a50c1\" data-id=\"70a50c1\" data-element_type=\"column\">\n\t\t\t<div class=\"elementor-widget-wrap elementor-element-populated\">\n\t\t\t\t\t\t<div class=\"elementor-element elementor-element-fad2536 elementor-widget elementor-widget-slider\" data-id=\"fad2536\" data-element_type=\"widget\" data-widget_type=\"slider.default\">\n\t\t\t\t<div class=\"elementor-widget-container\">\n\t\t\t\t\t<!-- hero sec start -->\r\n<style>\r\n    .boxImage {\r\n        display: flex;\r\n        align-items: center;\r\n        justify-content: center;\r\n    }\r\n\r\n    .buttonSlide {\r\n        position: relative;\r\n        top: 100px;\r\n    }\r\n\r\n    .boxCOP {\r\n        position: relative;\r\n        top: -120px;\r\n    }\r\n\r\n    .tagLine {\r\n        margin-top: 50px;\r\n    }\r\n\r\n    @media(max-width: 998px) {\r\n        .arrowCOP {\r\n            height: 600px;\r\n        }\r\n\r\n        .boxCOP {\r\n            position: relative;\r\n            top: -40px;\r\n        }\r\n\r\n        .boxCOP img {\r\n            width: 235px;\r\n        }\r\n    }\r\n\r\n    @media(max-width:767px) {\r\n        .hero-sec {\r\n            height: 500px;\r\n        }\r\n\r\n        .buttonSlide {\r\n            top: 30px;\r\n        }\r\n    }\r\n\r\n    @media (max-width: 600px) {\r\n        .hero-sec {\r\n            margin-top: 80px;\r\n        }\r\n    }\r\n<\/style>\r\n<section class=\"hero-sec bg-image\">\r\n    <div class=\"hero-slider-wrap\">\r\n                    \r\n            \r\n                            <div class=\"hero-slider-item overflow-hidden\">\r\n                    <div class=\"container\">\r\n                        <div class=\"row align-items-center arrowCOP\">\r\n                            <!-- Column 1 start -->\r\n\r\n                            <div class=\"boxCOP\">\r\n                                <div class=\"boxImage col-lg-12\">\r\n                                    <img decoding=\"async\" src=\"https:\/\/cop30.pactoglobal.org.br\/wp-content\/uploads\/2024\/11\/logo_cop.png\" alt=\"\" class=\"img-fluid\">\r\n                                <\/div>\r\n\r\n                                <div class=\"tagLine position-relative\">\r\n                                    <h3 class=\"text-white text-center\">Rede Brasil do Pacto Global da ONU rumo \u00e0 COP30<\/h3>\r\n                                <\/div>\r\n\r\n                                <div class=\"col-lg-12 col-md-12 d-flex justify-content-center align-items-center buttonSlide\">\r\n                                    <div class=\"slider-item-content-wrap\">\r\n                                        <div class=\"item-content\">\r\n                                                                                                                                                                <div class=\"button-group d-inline-flex gap-2\">\r\n                    <a class=\"btn btn-primary\" href=\"https:\/\/homologcop30.pactoglobal.org.br\/#engajamento\">Join Us<\/a>                <\/div>\r\n            \r\n                        \r\n                                        <\/div>\r\n                                    <\/div>\r\n                                <\/div>\r\n                            <\/div>\r\n                            <!-- Column 1 end -->\r\n\r\n                            <!-- Column 2 start -->\r\n                            <div class=\"col-lg-4 col-md-6 order-md-2 order-1\">\r\n                                                            <div class=\"item-image\">\r\n                                                        <\/div>\r\n            \r\n                                                    <\/div>\r\n                            <!-- Column 2 end -->\r\n\r\n                        <\/div>\r\n                        <div class=\"highlight-text img-moving-anim4\">\r\n                                                    <\/div>\r\n\r\n                    <\/div>\r\n                <\/div>\r\n            \r\n            \r\n            \r\n            <\/div>\r\n<\/section>\t\t\t\t<\/div>\n\t\t\t\t<\/div>\n\t\t\t\t<div class=\"elementor-element elementor-element-b69811d mb-0 elementor-widget elementor-widget-event_info\" data-id=\"b69811d\" data-element_type=\"widget\" id=\"contador\" data-widget_type=\"event_info.default\">\n\t\t\t\t<div class=\"elementor-widget-container\">\n\t\t\t\t\t<!-- info sec start -->\r\n<div class=\"event-info info-sec\">\r\n    <div class=\"container\">\r\n                    <div class=\"event-countdown info-countdown\">\r\n                <div class=\"counter-box d-sm-flex d-block justify-content-around\" data-countdown=\"2025-11-10 23:59\" data-days=\"Days\" data-hours=\"Hours\" data-minutes=\"Minutes\" data-seconds=\"Seconds\"><\/div>\r\n                                    <div class=\"dots img-moving-anim2\">\r\n                        <img decoding=\"async\" src=\"https:\/\/homologcop30.pactoglobal.org.br\/wp-content\/uploads\/2024\/11\/DOTS-HORIZONTAL.png\" alt=\"Shadow Image\">\r\n                    <\/div>\r\n                            <\/div>\r\n                <div class=\"information-area\">\r\n            <div class=\"row justify-content-center g-4\">\r\n                \r\n                \r\n                            <\/div>\r\n        <\/div>\r\n    <\/div>\r\n<\/div>\r\n<!-- info sec end -->\t\t\t\t<\/div>\n\t\t\t\t<\/div>\n\t\t\t\t<div class=\"elementor-element elementor-element-0e9b1e2 elementor-align-center elementor-widget elementor-widget-button\" data-id=\"0e9b1e2\" data-element_type=\"widget\" data-widget_type=\"button.default\">\n\t\t\t\t<div class=\"elementor-widget-container\">\n\t\t\t\t\t\t\t\t\t<div class=\"elementor-button-wrapper\">\n\t\t\t\t\t<a class=\"elementor-button elementor-button-link elementor-size-sm\" href=\"https:\/\/pactoglobalbrasilnacop30.com\/\" target=\"_blank\">\n\t\t\t\t\t\t<span class=\"elementor-button-content-wrapper\">\n\t\t\t\t\t\t\t\t\t<span class=\"elementor-button-text\">Programme<\/span>\n\t\t\t\t\t<\/span>\n\t\t\t\t\t<\/a>\n\t\t\t\t<\/div>\n\t\t\t\t\t\t\t\t<\/div>\n\t\t\t\t<\/div>\n\t\t\t\t<div class=\"elementor-element elementor-element-625fd00 elementor-widget__width-inherit mb-0 elementor-widget elementor-widget-about_event\" data-id=\"625fd00\" data-element_type=\"widget\" id=\"objetivos\" data-widget_type=\"about_event.default\">\n\t\t\t\t<div class=\"elementor-widget-container\">\n\t\t\t\t\t<!-- video sec start -->\r\n<section class=\"about-event video-sec bg-image\" data-parallax=\"true\">\r\n    <div class=\"container\">\r\n        <div class=\"row align-items-center\">\r\n            <div class=\"col-lg-6\">\r\n                <div class=\"video-wrap\">\r\n\r\n                    <div class=\"video-image img-moving-anim1\">\r\n                        <img decoding=\"async\" src=\"https:\/\/homologcop30.pactoglobal.org.br\/wp-content\/uploads\/2024\/11\/Foto1.png\" alt=\"Mobilize the business sector in collective actions, projects, and capacity building for climate change mitigation and adaptation.\n\">\r\n                    <\/div>\r\n                    <div class=\"video-play\">\r\n                        <img decoding=\"async\" src=\"https:\/\/homologcop30.pactoglobal.org.br\/wp-content\/uploads\/2024\/11\/Foto2-1.png\" alt=\"Mobilize the business sector in collective actions, projects, and capacity building for climate change mitigation and adaptation.\n\" data-bs-backdrop=\"static\">\r\n                                                    <a class=\"video-btn1 popup-video video-link\" href=\"https:\/\/www.youtube.com\/embed\/AtlYAT-t5Fs?si=W8DNsXl6hvKdhy3W\"><span><i class=\"fa fa-play\"><\/i><\/span><\/a>\r\n                                            <\/div>\r\n                                            <div class=\"dots img-moving-anim2\">\r\n                            <img decoding=\"async\" src=\"https:\/\/homologcop30.pactoglobal.org.br\/wp-content\/uploads\/2024\/11\/DOTS-VERTICAL-BRANCO.png\" alt=\"Shadow Image\">\r\n                        <\/div>\r\n                                    <\/div>\r\n            <\/div>\r\n            <div class=\"col-lg-6\">\r\n                <div class=\"video-content-wrap\">\r\n                    <h2 class=\"title\">Mobilize the business sector in collective actions, projects, and capacity building for climate change mitigation and adaptation.<br \/>\n<\/h2>                    <p class=\"desc\">Accelerating the integration of the climate agenda into business strategies to drive Brazil's transition to a resilient and net-zero economy in a transparent, socially just, and inclusive manner.<br \/>\n<\/p>\r\n                                            <div class=\"management d-flex\">\r\n                                                            <h3 class=\"event count-block p-lg-5 p-3\">\r\n                                    <span class=\"count_number\">1080<\/span>\r\n                                    <div class=\"count_title\">business participations<\/div>\r\n                                <\/h3>\r\n                                                    <\/div>\r\n                    \r\n                                            <div class=\"dots img-moving-anim3\">\r\n                            <img decoding=\"async\" src=\"https:\/\/homologcop30.pactoglobal.org.br\/wp-content\/uploads\/2024\/11\/DOTS-HORIZONTAL-BRANCO.png\" alt=\"Shadow Image\">\r\n                        <\/div>\r\n                                                                <a href=\"#engajamento\" class=\"btn custom-btn2 video-btn\">Join Us<\/a>\r\n                                    <\/div>\r\n            <\/div>\r\n        <\/div>\r\n    <\/div>\r\n<\/section>\r\n<!-- video sec end -->\t\t\t\t<\/div>\n\t\t\t\t<\/div>\n\t\t\t\t<div class=\"elementor-element elementor-element-f704ea5 mb-0 elementor-widget elementor-widget-event_plans\" data-id=\"f704ea5\" data-element_type=\"widget\" id=\"projetos\" data-widget_type=\"event_plans.default\">\n\t\t\t\t<div class=\"elementor-widget-container\">\n\t\t\t\t\t<!-- hero sec start -->\r\n<section id=\"event-plans-69f3c0949e3d3\" class=\"schedule-sec\">\r\n   <div class=\"container\">\r\n\r\n      <div class=\"section-head col-xl-9 m-auto text-center mb-5\">\r\n         <span class=\"label\">\\\\\\ Climate Actions \/\/\/<\/span>         <h1 class=\"title sec_title mb-4\">Global Compact Brazil Network's portfolio of initiatives with sectoral and cross-sectoral collective projects, aimed at mitigation and adaptation, as well as engagement and communication.<br \/>\n<br \/>\n<\/h1>               <\/div>\r\n\r\n      <div class=\"schedule-content-wrap\">\r\n         <ul class=\"nav nav-pills schedule-nav-tab mb-5\" id=\"pills-tab\" role=\"tablist\">\r\n\r\n                           <li class=\"nav-item schedule-nav-item\" role=\"presentation\">\r\n                  <button class=\"nav-link schedule_tab active\" id=\"pills-day-1-tab\" data-bs-toggle=\"pill\" data-bs-target=\"#tab-movements-0\" type=\"button\" role=\"tab\" aria-controls=\"tab-movements-0\" aria-selected=\"true\">Movements<\/button>\r\n               <\/li>\r\n                           <li class=\"nav-item schedule-nav-item\" role=\"presentation\">\r\n                  <button class=\"nav-link schedule_tab \" id=\"pills-day-1-tab\" data-bs-toggle=\"pill\" data-bs-target=\"#tab-mitigation-1\" type=\"button\" role=\"tab\" aria-controls=\"tab-mitigation-1\" aria-selected=\"true\">Mitigation<\/button>\r\n               <\/li>\r\n                           <li class=\"nav-item schedule-nav-item\" role=\"presentation\">\r\n                  <button class=\"nav-link schedule_tab \" id=\"pills-day-1-tab\" data-bs-toggle=\"pill\" data-bs-target=\"#tab-adaptationandresilience-2\" type=\"button\" role=\"tab\" aria-controls=\"tab-adaptationandresilience-2\" aria-selected=\"true\">Adaptation and Resilience      <\/button>\r\n               <\/li>\r\n                           <li class=\"nav-item schedule-nav-item\" role=\"presentation\">\r\n                  <button class=\"nav-link schedule_tab \" id=\"pills-day-1-tab\" data-bs-toggle=\"pill\" data-bs-target=\"#tab-implementationandcommunication-3\" type=\"button\" role=\"tab\" aria-controls=\"tab-implementationandcommunication-3\" aria-selected=\"true\">Implementation and communication<\/button>\r\n               <\/li>\r\n            \r\n         <\/ul>\r\n\r\n         <div class=\"tab-content schedule-tab-content\" id=\"pills-tabContent\">\r\n\r\n            \r\n               <div class=\"tab-pane fade active show\" id=\"tab-movements-0\" role=\"tabpanel\" aria-labelledby=\"tab-movements-0-tab\" tabindex=\"0\">\r\n\r\n                                       <div class=\"row schedule-item aos-init\" data-aos=\"fade-right\" data-aos-easing=\"linear\" data-aos-duration=\"1000\" style=\"background-image: url(https:\/\/homologcop30.pactoglobal.org.br\/wp-content\/uploads\/2024\/11\/bg-movimentos-e1730951094173.png);\">\r\n                        <div class=\"col-lg-4\">\r\n                           <div class=\"d-flex align-items-center justify-content-around\">\r\n                              <div class=\"card-thumb item-thumb\">\r\n                                 <img decoding=\"async\" src=\"https:\/\/homologcop30.pactoglobal.org.br\/wp-content\/uploads\/2024\/11\/Movimento-Ambicao.png\" width=\"100\" alt=\"Profile 1\">\r\n                              <\/div>\r\n                              <div class=\"card-description\">\r\n                                                                  <span class=\"date d-block\">abril 30, 2026<\/span>                                 <span class=\"time d-block\">-<\/span>                              <\/div>\r\n                           <\/div>\r\n                        <\/div>\r\n                        <div class=\"col-lg-8\">\r\n                           <div class=\"row align-items-center justify-content-between\">\r\n                              <div class=\"card-title-area col-md-7\">\r\n                                 <h4 class=\"title \"><\/h4>\r\n                                 <p class=\"title-desc\">Business\u00a0commitment and knowledge journey to mitigate climate change through science-based greenhouse gas (GHG) emission reduction (SBTi).\n                                    <a href=\"\"><\/a>\r\n                                 <\/p>\r\n                              <\/div>\r\n                                                         <\/div>\r\n                        <\/div>\r\n                     <\/div>\r\n                                       <div class=\"row schedule-item aos-init\" data-aos=\"fade-right\" data-aos-easing=\"linear\" data-aos-duration=\"1000\" style=\"background-image: url(https:\/\/homologcop30.pactoglobal.org.br\/wp-content\/uploads\/2024\/11\/bg-movimentos-e1730951094173.png);\">\r\n                        <div class=\"col-lg-4\">\r\n                           <div class=\"d-flex align-items-center justify-content-around\">\r\n                              <div class=\"card-thumb item-thumb\">\r\n                                 <img decoding=\"async\" src=\"https:\/\/homologcop30.pactoglobal.org.br\/wp-content\/uploads\/2024\/11\/Movimento-Agua.png\" width=\"100\" alt=\"Profile 1\">\r\n                              <\/div>\r\n                              <div class=\"card-description\">\r\n                                                                  <span class=\"date d-block\">abril 30, 2026<\/span>                                 <span class=\"time d-block\">-<\/span>                              <\/div>\r\n                           <\/div>\r\n                        <\/div>\r\n                        <div class=\"col-lg-8\">\r\n                           <div class=\"row align-items-center justify-content-between\">\r\n                              <div class=\"card-title-area col-md-7\">\r\n                                 <h4 class=\"title \"><\/h4>\r\n                                 <p class=\"title-desc\">Business commitment and knowledge journey for universal basic sanitation and water security.\n                                    <a href=\"\"><\/a>\r\n                                 <\/p>\r\n                              <\/div>\r\n                                                         <\/div>\r\n                        <\/div>\r\n                     <\/div>\r\n                                       <div class=\"row schedule-item aos-init\" data-aos=\"fade-right\" data-aos-easing=\"linear\" data-aos-duration=\"1000\" style=\"background-image: url(https:\/\/homologcop30.pactoglobal.org.br\/wp-content\/uploads\/2024\/11\/bg-movimentos-e1730951094173.png);\">\r\n                        <div class=\"col-lg-4\">\r\n                           <div class=\"d-flex align-items-center justify-content-around\">\r\n                              <div class=\"card-thumb item-thumb\">\r\n                                 <img decoding=\"async\" src=\"https:\/\/homologcop30.pactoglobal.org.br\/wp-content\/uploads\/2024\/11\/Movimento-Circular.png\" width=\"100\" alt=\"Profile 1\">\r\n                              <\/div>\r\n                              <div class=\"card-description\">\r\n                                                                  <span class=\"date d-block\">abril 30, 2026<\/span>                                 <span class=\"time d-block\">-<\/span>                              <\/div>\r\n                           <\/div>\r\n                        <\/div>\r\n                        <div class=\"col-lg-8\">\r\n                           <div class=\"row align-items-center justify-content-between\">\r\n                              <div class=\"card-title-area col-md-7\">\r\n                                 <h4 class=\"title \"><\/h4>\r\n                                 <p class=\"title-desc\">Business commitment and knowledge journey to ensure sustainable production and consumption patterns, seeking efficient use of natural resources, reducing waste, and minimizing environmental disposal.\n                                    <a href=\"\"><\/a>\r\n                                 <\/p>\r\n                              <\/div>\r\n                                                         <\/div>\r\n                        <\/div>\r\n                     <\/div>\r\n                                       <div class=\"row schedule-item aos-init\" data-aos=\"fade-right\" data-aos-easing=\"linear\" data-aos-duration=\"1000\" style=\"background-image: url(https:\/\/homologcop30.pactoglobal.org.br\/wp-content\/uploads\/2024\/11\/bg-movimentos-e1730951094173.png);\">\r\n                        <div class=\"col-lg-4\">\r\n                           <div class=\"d-flex align-items-center justify-content-around\">\r\n                              <div class=\"card-thumb item-thumb\">\r\n                                 <img decoding=\"async\" src=\"https:\/\/homologcop30.pactoglobal.org.br\/wp-content\/uploads\/2024\/11\/Movimento-Impacto.png\" width=\"100\" alt=\"Profile 1\">\r\n                              <\/div>\r\n                              <div class=\"card-description\">\r\n                                                                  <span class=\"date d-block\">abril 30, 2026<\/span>                                 <span class=\"time d-block\">-<\/span>                              <\/div>\r\n                           <\/div>\r\n                        <\/div>\r\n                        <div class=\"col-lg-8\">\r\n                           <div class=\"row align-items-center justify-content-between\">\r\n                              <div class=\"card-title-area col-md-7\">\r\n                                 <h4 class=\"title \"><\/h4>\r\n                                 <p class=\"title-desc\">Business commitment and knowledge journey to combat deforestation in the Amazon and maintain the forest alive, while promoting dialogues with traditional communities and indigenous peoples.\n                                    <a href=\"\"><\/a>\r\n                                 <\/p>\r\n                              <\/div>\r\n                                                         <\/div>\r\n                        <\/div>\r\n                     <\/div>\r\n                  \r\n               <\/div>\r\n            \r\n               <div class=\"tab-pane fade \" id=\"tab-mitigation-1\" role=\"tabpanel\" aria-labelledby=\"tab-mitigation-1-tab\" tabindex=\"0\">\r\n\r\n                                       <div class=\"row schedule-item aos-init\" data-aos=\"fade-right\" data-aos-easing=\"linear\" data-aos-duration=\"1000\" style=\"background-image: url(https:\/\/homologcop30.pactoglobal.org.br\/wp-content\/uploads\/2024\/11\/bg-movimentos-e1730951094173.png);\">\r\n                        <div class=\"col-lg-4\">\r\n                           <div class=\"d-flex align-items-center justify-content-around\">\r\n                              <div class=\"card-thumb item-thumb\">\r\n                                 <img decoding=\"async\" src=\"https:\/\/homologcop30.pactoglobal.org.br\/wp-content\/uploads\/2024\/11\/HUB-Biocombustiveis.png\" width=\"100\" alt=\"Profile 1\">\r\n                              <\/div>\r\n                              <div class=\"card-description\">\r\n                                                                  <span class=\"date d-block\">abril 30, 2026<\/span>                                 <span class=\"time d-block\">-<\/span>                              <\/div>\r\n                           <\/div>\r\n                        <\/div>\r\n                        <div class=\"col-lg-8\">\r\n                           <div class=\"row align-items-center justify-content-between\">\r\n                              <div class=\"card-title-area col-md-7\">\r\n                                 <h4 class=\"title \"><\/h4>\r\n                                 <p class=\"title-desc\">Environment for dialogues aimed at solutions that accelerate the decarbonization of road transport, with collective actions, clinics, publications and value chain engagement.\n                                    <a href=\"\"><\/a>\r\n                                 <\/p>\r\n                              <\/div>\r\n                                                         <\/div>\r\n                        <\/div>\r\n                     <\/div>\r\n                                       <div class=\"row schedule-item aos-init\" data-aos=\"fade-right\" data-aos-easing=\"linear\" data-aos-duration=\"1000\" style=\"background-image: url(https:\/\/homologcop30.pactoglobal.org.br\/wp-content\/uploads\/2024\/11\/bg-movimentos-e1730951094173.png);\">\r\n                        <div class=\"col-lg-4\">\r\n                           <div class=\"d-flex align-items-center justify-content-around\">\r\n                              <div class=\"card-thumb item-thumb\">\r\n                                 <img decoding=\"async\" src=\"https:\/\/homologcop30.pactoglobal.org.br\/wp-content\/uploads\/2024\/11\/GT-Negocios.png\" width=\"100\" alt=\"Profile 1\">\r\n                              <\/div>\r\n                              <div class=\"card-description\">\r\n                                                                  <span class=\"date d-block\">abril 30, 2026<\/span>                                 <span class=\"time d-block\">-<\/span>                              <\/div>\r\n                           <\/div>\r\n                        <\/div>\r\n                        <div class=\"col-lg-8\">\r\n                           <div class=\"row align-items-center justify-content-between\">\r\n                              <div class=\"card-title-area col-md-7\">\r\n                                 <h4 class=\"title \"><\/h4>\r\n                                 <p class=\"title-desc\">Group of companies to accelerate the decarbonization of maritime transport and ports, with participation in discussion forums and the creation of a Framework for strategic energy transition actions.\n                                    <a href=\"\"><\/a>\r\n                                 <\/p>\r\n                              <\/div>\r\n                                                         <\/div>\r\n                        <\/div>\r\n                     <\/div>\r\n                                       <div class=\"row schedule-item aos-init\" data-aos=\"fade-right\" data-aos-easing=\"linear\" data-aos-duration=\"1000\" style=\"background-image: url(https:\/\/homologcop30.pactoglobal.org.br\/wp-content\/uploads\/2024\/11\/bg-movimentos-e1730951094173.png);\">\r\n                        <div class=\"col-lg-4\">\r\n                           <div class=\"d-flex align-items-center justify-content-around\">\r\n                              <div class=\"card-thumb item-thumb\">\r\n                                 <img decoding=\"async\" src=\"https:\/\/homologcop30.pactoglobal.org.br\/wp-content\/uploads\/2024\/11\/GT-Agricultura.png\" width=\"100\" alt=\"Profile 1\">\r\n                              <\/div>\r\n                              <div class=\"card-description\">\r\n                                                                  <span class=\"date d-block\">abril 30, 2026<\/span>                                 <span class=\"time d-block\">-<\/span>                              <\/div>\r\n                           <\/div>\r\n                        <\/div>\r\n                        <div class=\"col-lg-8\">\r\n                           <div class=\"row align-items-center justify-content-between\">\r\n                              <div class=\"card-title-area col-md-7\">\r\n                                 <h4 class=\"title \"><\/h4>\r\n                                 <p class=\"title-desc\">Group of companies that lead actions and projects promoting regenerative food systems for soil health recovery, water cycle and the resilience of rural communities facing global challenges.\n                                    <a href=\"\"><\/a>\r\n                                 <\/p>\r\n                              <\/div>\r\n                                                         <\/div>\r\n                        <\/div>\r\n                     <\/div>\r\n                                       <div class=\"row schedule-item aos-init\" data-aos=\"fade-right\" data-aos-easing=\"linear\" data-aos-duration=\"1000\" style=\"background-image: url(https:\/\/homologcop30.pactoglobal.org.br\/wp-content\/uploads\/2024\/11\/bg-movimentos-e1730951094173.png);\">\r\n                        <div class=\"col-lg-4\">\r\n                           <div class=\"d-flex align-items-center justify-content-around\">\r\n                              <div class=\"card-thumb item-thumb\">\r\n                                 <img decoding=\"async\" src=\"https:\/\/homologcop30.pactoglobal.org.br\/wp-content\/uploads\/2024\/11\/Reinova.png\" width=\"100\" alt=\"Profile 1\">\r\n                              <\/div>\r\n                              <div class=\"card-description\">\r\n                                                                  <span class=\"date d-block\">abril 30, 2026<\/span>                                 <span class=\"time d-block\">-<\/span>                              <\/div>\r\n                           <\/div>\r\n                        <\/div>\r\n                        <div class=\"col-lg-8\">\r\n                           <div class=\"row align-items-center justify-content-between\">\r\n                              <div class=\"card-title-area col-md-7\">\r\n                                 <h4 class=\"title \"><\/h4>\r\n                                 <p class=\"title-desc\">Work on selected items from the National Waste Inventory aiming at strategic solutions in the process of design, production, distribution and post-consumer disposal behavior.\n                                    <a href=\"\"><\/a>\r\n                                 <\/p>\r\n                              <\/div>\r\n                                                         <\/div>\r\n                        <\/div>\r\n                     <\/div>\r\n                  \r\n               <\/div>\r\n            \r\n               <div class=\"tab-pane fade \" id=\"tab-adaptationandresilience-2\" role=\"tabpanel\" aria-labelledby=\"tab-adaptationandresilience-2-tab\" tabindex=\"0\">\r\n\r\n                                       <div class=\"row schedule-item aos-init\" data-aos=\"fade-right\" data-aos-easing=\"linear\" data-aos-duration=\"1000\" style=\"background-image: url(https:\/\/homologcop30.pactoglobal.org.br\/wp-content\/uploads\/2024\/11\/bg-movimentos-e1730951094173.png);\">\r\n                        <div class=\"col-lg-4\">\r\n                           <div class=\"d-flex align-items-center justify-content-around\">\r\n                              <div class=\"card-thumb item-thumb\">\r\n                                 <img decoding=\"async\" src=\"https:\/\/homologcop30.pactoglobal.org.br\/wp-content\/uploads\/2024\/11\/GT-Empresarial.png\" width=\"100\" alt=\"Profile 1\">\r\n                              <\/div>\r\n                              <div class=\"card-description\">\r\n                                                                  <span class=\"date d-block\">abril 30, 2026<\/span>                                 <span class=\"time d-block\">-<\/span>                              <\/div>\r\n                           <\/div>\r\n                        <\/div>\r\n                        <div class=\"col-lg-8\">\r\n                           <div class=\"row align-items-center justify-content-between\">\r\n                              <div class=\"card-title-area col-md-7\">\r\n                                 <h4 class=\"title \"><\/h4>\r\n                                 <p class=\"title-desc\">Collaborative climate adaptation group to integrate biodiversity into Brazilian business strategies, through the principles of SBTN, CBD and IFRS.\n                                    <a href=\"\"><\/a>\r\n                                 <\/p>\r\n                              <\/div>\r\n                                                         <\/div>\r\n                        <\/div>\r\n                     <\/div>\r\n                                       <div class=\"row schedule-item aos-init\" data-aos=\"fade-right\" data-aos-easing=\"linear\" data-aos-duration=\"1000\" style=\"background-image: url(https:\/\/homologcop30.pactoglobal.org.br\/wp-content\/uploads\/2024\/11\/bg-movimentos-e1730951094173.png);\">\r\n                        <div class=\"col-lg-4\">\r\n                           <div class=\"d-flex align-items-center justify-content-around\">\r\n                              <div class=\"card-thumb item-thumb\">\r\n                                 <img decoding=\"async\" src=\"https:\/\/homologcop30.pactoglobal.org.br\/wp-content\/uploads\/2024\/11\/Coalizao.png\" width=\"100\" alt=\"Profile 1\">\r\n                              <\/div>\r\n                              <div class=\"card-description\">\r\n                                                                  <span class=\"date d-block\">abril 30, 2026<\/span>                                 <span class=\"time d-block\">-<\/span>                              <\/div>\r\n                           <\/div>\r\n                        <\/div>\r\n                        <div class=\"col-lg-8\">\r\n                           <div class=\"row align-items-center justify-content-between\">\r\n                              <div class=\"card-title-area col-md-7\">\r\n                                 <h4 class=\"title \"><\/h4>\r\n                                 <p class=\"title-desc\">Collective project aimed at increasing water resilience in national Watersheds, with actions personalized by local necessities.\n                                    <a href=\"\"><\/a>\r\n                                 <\/p>\r\n                              <\/div>\r\n                                                         <\/div>\r\n                        <\/div>\r\n                     <\/div>\r\n                                       <div class=\"row schedule-item aos-init\" data-aos=\"fade-right\" data-aos-easing=\"linear\" data-aos-duration=\"1000\" style=\"background-image: url(https:\/\/homologcop30.pactoglobal.org.br\/wp-content\/uploads\/2024\/11\/bg-movimentos-e1730951094173.png);\">\r\n                        <div class=\"col-lg-4\">\r\n                           <div class=\"d-flex align-items-center justify-content-around\">\r\n                              <div class=\"card-thumb item-thumb\">\r\n                                 <img decoding=\"async\" src=\"https:\/\/homologcop30.pactoglobal.org.br\/wp-content\/uploads\/2024\/11\/Blue-Keepers.png\" width=\"100\" alt=\"Profile 1\">\r\n                              <\/div>\r\n                              <div class=\"card-description\">\r\n                                                                  <span class=\"date d-block\">abril 30, 2026<\/span>                                 <span class=\"time d-block\">-<\/span>                              <\/div>\r\n                           <\/div>\r\n                        <\/div>\r\n                        <div class=\"col-lg-8\">\r\n                           <div class=\"row align-items-center justify-content-between\">\r\n                              <div class=\"card-title-area col-md-7\">\r\n                                 <h4 class=\"title \"><\/h4>\r\n                                 <p class=\"title-desc\">Mobilize resources and engage companies, governments and society to combat chronic ocean and watershed pollution, through preventive and corrective actions.\n                                    <a href=\"\"><\/a>\r\n                                 <\/p>\r\n                              <\/div>\r\n                                                         <\/div>\r\n                        <\/div>\r\n                     <\/div>\r\n                  \r\n               <\/div>\r\n            \r\n               <div class=\"tab-pane fade \" id=\"tab-implementationandcommunication-3\" role=\"tabpanel\" aria-labelledby=\"tab-implementationandcommunication-3-tab\" tabindex=\"0\">\r\n\r\n                                       <div class=\"row schedule-item aos-init\" data-aos=\"fade-right\" data-aos-easing=\"linear\" data-aos-duration=\"1000\" style=\"background-image: url(https:\/\/homologcop30.pactoglobal.org.br\/wp-content\/uploads\/2024\/11\/bg-movimentos-e1730951094173.png);\">\r\n                        <div class=\"col-lg-4\">\r\n                           <div class=\"d-flex align-items-center justify-content-around\">\r\n                              <div class=\"card-thumb item-thumb\">\r\n                                 <img decoding=\"async\" src=\"https:\/\/homologcop30.pactoglobal.org.br\/wp-content\/uploads\/2024\/11\/Greenwashing.png\" width=\"100\" alt=\"Profile 1\">\r\n                              <\/div>\r\n                              <div class=\"card-description\">\r\n                                                                  <span class=\"date d-block\">abril 30, 2026<\/span>                                 <span class=\"time d-block\">-<\/span>                              <\/div>\r\n                           <\/div>\r\n                        <\/div>\r\n                        <div class=\"col-lg-8\">\r\n                           <div class=\"row align-items-center justify-content-between\">\r\n                              <div class=\"card-title-area col-md-7\">\r\n                                 <h4 class=\"title \"><\/h4>\r\n                                 <p class=\"title-desc\">Strengthen the role of compliance professionals in preventing greenwashing in companies&#039; institutional communication, in accordance with standardized norms (IFRS S1 and S2\/ISSB, CONAR, CVM).\n                                    <a href=\"\"><\/a>\r\n                                 <\/p>\r\n                              <\/div>\r\n                                                         <\/div>\r\n                        <\/div>\r\n                     <\/div>\r\n                                       <div class=\"row schedule-item aos-init\" data-aos=\"fade-right\" data-aos-easing=\"linear\" data-aos-duration=\"1000\" style=\"background-image: url(https:\/\/homologcop30.pactoglobal.org.br\/wp-content\/uploads\/2024\/11\/bg-movimentos-e1730951094173.png);\">\r\n                        <div class=\"col-lg-4\">\r\n                           <div class=\"d-flex align-items-center justify-content-around\">\r\n                              <div class=\"card-thumb item-thumb\">\r\n                                 <img decoding=\"async\" src=\"https:\/\/homologcop30.pactoglobal.org.br\/wp-content\/uploads\/2024\/11\/Nucleo-de-Acoes.png\" width=\"100\" alt=\"Profile 1\">\r\n                              <\/div>\r\n                              <div class=\"card-description\">\r\n                                                                  <span class=\"date d-block\">abril 30, 2026<\/span>                                 <span class=\"time d-block\">-<\/span>                              <\/div>\r\n                           <\/div>\r\n                        <\/div>\r\n                        <div class=\"col-lg-8\">\r\n                           <div class=\"row align-items-center justify-content-between\">\r\n                              <div class=\"card-title-area col-md-7\">\r\n                                 <h4 class=\"title \"><\/h4>\r\n                                 <p class=\"title-desc\">Implement collective actions with the business sector in favor of Climate Justice, considering the responsibilities of companies regarding the relationship between climate change and human rights agendas, bringing those most vulnerable to the climate crisis to the center.\n                                    <a href=\"\"><\/a>\r\n                                 <\/p>\r\n                              <\/div>\r\n                                                         <\/div>\r\n                        <\/div>\r\n                     <\/div>\r\n                                       <div class=\"row schedule-item aos-init\" data-aos=\"fade-right\" data-aos-easing=\"linear\" data-aos-duration=\"1000\" style=\"background-image: url(https:\/\/homologcop30.pactoglobal.org.br\/wp-content\/uploads\/2024\/11\/bg-movimentos-e1730951094173.png);\">\r\n                        <div class=\"col-lg-4\">\r\n                           <div class=\"d-flex align-items-center justify-content-around\">\r\n                              <div class=\"card-thumb item-thumb\">\r\n                                 <img decoding=\"async\" src=\"https:\/\/homologcop30.pactoglobal.org.br\/wp-content\/uploads\/2024\/11\/Missao-COP30.png\" width=\"100\" alt=\"Profile 1\">\r\n                              <\/div>\r\n                              <div class=\"card-description\">\r\n                                                                  <span class=\"date d-block\">abril 30, 2026<\/span>                                 <span class=\"time d-block\">-<\/span>                              <\/div>\r\n                           <\/div>\r\n                        <\/div>\r\n                        <div class=\"col-lg-8\">\r\n                           <div class=\"row align-items-center justify-content-between\">\r\n                              <div class=\"card-title-area col-md-7\">\r\n                                 <h4 class=\"title \"><\/h4>\r\n                                 <p class=\"title-desc\">Preparatory training for corporate communicators for COP30, offering subsidies for companies to communicate better, engage in a structured way and compose their communication and participation plans for COP30.\n                                    <a href=\"\"><\/a>\r\n                                 <\/p>\r\n                              <\/div>\r\n                                                         <\/div>\r\n                        <\/div>\r\n                     <\/div>\r\n                                       <div class=\"row schedule-item aos-init\" data-aos=\"fade-right\" data-aos-easing=\"linear\" data-aos-duration=\"1000\" style=\"background-image: url(https:\/\/homologcop30.pactoglobal.org.br\/wp-content\/uploads\/2024\/11\/bg-movimentos-e1730951094173.png);\">\r\n                        <div class=\"col-lg-4\">\r\n                           <div class=\"d-flex align-items-center justify-content-around\">\r\n                              <div class=\"card-thumb item-thumb\">\r\n                                 <img decoding=\"async\" src=\"https:\/\/homologcop30.pactoglobal.org.br\/wp-content\/uploads\/2024\/11\/Entre-Solos.png\" width=\"100\" alt=\"Profile 1\">\r\n                              <\/div>\r\n                              <div class=\"card-description\">\r\n                                                                  <span class=\"date d-block\">abril 30, 2026<\/span>                                 <span class=\"time d-block\">-<\/span>                              <\/div>\r\n                           <\/div>\r\n                        <\/div>\r\n                        <div class=\"col-lg-8\">\r\n                           <div class=\"row align-items-center justify-content-between\">\r\n                              <div class=\"card-title-area col-md-7\">\r\n                                 <h4 class=\"title \"><\/h4>\r\n                                 <p class=\"title-desc\">Promote dialogue on sustainability in the food and agriculture sector. The idea is to bring people closer to the realities of rural and urban areas, promoting discoveries, reflections, and sharing experiences.\n                                    <a href=\"\"><\/a>\r\n                                 <\/p>\r\n                              <\/div>\r\n                                                         <\/div>\r\n                        <\/div>\r\n                     <\/div>\r\n                  \r\n               <\/div>\r\n            \r\n         <\/div>\r\n\r\n                     <div class=\" text-center py-3\">\r\n               <a href=\"https:\/\/homologcop30.pactoglobal.org.br\/wp-content\/uploads\/2025\/03\/Programa-Pacto-Rumo-a-COP30.pdf\" class=\"btn custom-btn schedule-btn\" download>Learn more<\/a>\r\n            <\/div>\r\n         \r\n         \r\n      <\/div>\r\n   <\/div>\r\n\r\n   \r\n<\/section>\t\t\t\t<\/div>\n\t\t\t\t<\/div>\n\t\t\t\t<div class=\"elementor-element elementor-element-23a2177 elementor-widget elementor-widget-menu-anchor\" data-id=\"23a2177\" data-element_type=\"widget\" data-widget_type=\"menu-anchor.default\">\n\t\t\t\t<div class=\"elementor-widget-container\">\n\t\t\t\t\t\t\t<div class=\"elementor-menu-anchor\" id=\"publications\"><\/div>\n\t\t\t\t\t\t<\/div>\n\t\t\t\t<\/div>\n\t\t\t\t<div class=\"elementor-element elementor-element-33b6b23 mb-0 pb-1 elementor-widget elementor-widget-event_videos\" data-id=\"33b6b23\" data-element_type=\"widget\" data-widget_type=\"event_videos.default\">\n\t\t\t\t<div class=\"elementor-widget-container\">\n\t\t\t\t\t\n<style>\n    .carousel-control-next-icon {\n        background-image: url('https:\/\/www.pactoglobal.org.br\/wp-content\/themes\/pacto-global\/img\/noticias\/setas-1.svg') !important;\n        transform: rotate(180deg) !important;\n    }\n\n    .carousel-control-prev-icon {\n        background-image: url('https:\/\/www.pactoglobal.org.br\/wp-content\/themes\/pacto-global\/img\/noticias\/setas-1.svg') !important;\n    }\n\n    @media(min-width:992px) {\n        .carousel-control-next {\n            height: 40px;\n            top: 45%;\n        }\n    }\n<\/style>\n<section id=\"about\" class=\"event-videos about-sec\">\n    <div class=\"container\">\n        <div class=\"section-head col-xl-9 m-auto text-center mb-5\">\n            <span class=\"label\">\\\\\\ Releases \/\/\/<\/span>            <h1 class=\"title sec-title mb-4\">Development of technical materials for business reference<br \/>\n<\/h1>            <p class=\"desc mx-3\">Access thematic sustainability publications, focused on supporting companies in building concrete solutions for a just transition and climate action.<\/p>        <\/div>\n\n                    <div class=\"about-items-wrap\" data-aos=\"fade-right\" data-aos-duration=\"1000\">\n                <div id=\"eventCarousel\" class=\"carousel slide\" data-bs-ride=\"carousel\">\n                    <div class=\"carousel-inner\">\n                                                    <div class=\"carousel-item active\">\n                                <div class=\"row justify-content-center g-4\">\n                                                                            <div class=\"col-sm-6 col-lg-3\">\n                                            <div class=\"about-item\">\n                                                <div class=\"item-thumb\">\n                                                    <img decoding=\"async\" src=\"https:\/\/cop30.pactoglobal.org.br\/wp-content\/uploads\/2025\/11\/18-scaled.png\" alt=\"Executive Report UN Global Compact Network Brazil...\n\" class=\"d-block w-100\">\n                                                    <div class=\"item-content\">\n                                                        <div class=\"content-title text-white\">\n                                                            <span class=\"date\">05\/11\/24<\/span>                                                            <h5 class=\"title eve_title text-white\">Executive Report UN Global Compact Network Brazil...<br \/>\n<\/h5>                                                        <\/div>\n                                                                                                                    <div class=\"about-video\">\n                                                                <a class=\"video-btn1 popup-video video-link\" href=\"https:\/\/go.pactoglobal.org.br\/ReportUNGlobalCompactNetworkBrazilTowardsCOP30\">\n                                                                    <span><i class=\"fa fa-play\"><\/i><\/span>\n                                                                <\/a>\n                                                            <\/div>\n                                                                                                            <\/div>\n                                                <\/div>\n                                            <\/div>\n                                        <\/div>\n                                                                            <div class=\"col-sm-6 col-lg-3\">\n                                            <div class=\"about-item\">\n                                                <div class=\"item-thumb\">\n                                                    <img decoding=\"async\" src=\"https:\/\/cop30.pactoglobal.org.br\/wp-content\/uploads\/2025\/11\/9-scaled.png\" alt=\"Roadmap for Road Transport to Achieve Net Zero\n\" class=\"d-block w-100\">\n                                                    <div class=\"item-content\">\n                                                        <div class=\"content-title text-white\">\n                                                            <span class=\"date\">October 3, 2025<\/span>                                                            <h5 class=\"title eve_title text-white\">Roadmap for Road Transport to Achieve Net Zero<br \/>\n<\/h5>                                                        <\/div>\n                                                                                                                    <div class=\"about-video\">\n                                                                <a class=\"video-btn1 popup-video video-link\" href=\"https:\/\/go.pactoglobal.org.br\/DecarbonizationofFreightTransport\">\n                                                                    <span><i class=\"fa fa-play\"><\/i><\/span>\n                                                                <\/a>\n                                                            <\/div>\n                                                                                                            <\/div>\n                                                <\/div>\n                                            <\/div>\n                                        <\/div>\n                                                                            <div class=\"col-sm-6 col-lg-3\">\n                                            <div class=\"about-item\">\n                                                <div class=\"item-thumb\">\n                                                    <img decoding=\"async\" src=\"https:\/\/cop30.pactoglobal.org.br\/wp-content\/uploads\/2025\/11\/10-scaled.png\" alt=\"Business Thematic Paper on Climate Justice...\n\" class=\"d-block w-100\">\n                                                    <div class=\"item-content\">\n                                                        <div class=\"content-title text-white\">\n                                                            <span class=\"date\">28\/08\/24<\/span>                                                            <h5 class=\"title eve_title text-white\">Business Thematic Paper on Climate Justice...<br \/>\n<\/h5>                                                        <\/div>\n                                                                                                                    <div class=\"about-video\">\n                                                                <a class=\"video-btn1 popup-video video-link\" href=\"https:\/\/go.pactoglobal.org.br\/CorporateThematicNotebookClimateJusticeAFOLUSector\">\n                                                                    <span><i class=\"fa fa-play\"><\/i><\/span>\n                                                                <\/a>\n                                                            <\/div>\n                                                                                                            <\/div>\n                                                <\/div>\n                                            <\/div>\n                                        <\/div>\n                                                                    <\/div>\n                            <\/div>\n                                                    <div class=\"carousel-item \">\n                                <div class=\"row justify-content-center g-4\">\n                                                                            <div class=\"col-sm-6 col-lg-3\">\n                                            <div class=\"about-item\">\n                                                <div class=\"item-thumb\">\n                                                    <img decoding=\"async\" src=\"https:\/\/cop30.pactoglobal.org.br\/wp-content\/uploads\/2025\/11\/8-scaled.png\" alt=\"Business Guide to Combat Marine Litter\n\" class=\"d-block w-100\">\n                                                    <div class=\"item-content\">\n                                                        <div class=\"content-title text-white\">\n                                                            <span class=\"date\">03\/06\/24<\/span>                                                            <h5 class=\"title eve_title text-white\">Business Guide to Combat Marine Litter<br \/>\n<\/h5>                                                        <\/div>\n                                                                                                                    <div class=\"about-video\">\n                                                                <a class=\"video-btn1 popup-video video-link\" href=\"https:\/\/go.pactoglobal.org.br\/download-guiaempresarialcombatelixomar\">\n                                                                    <span><i class=\"fa fa-play\"><\/i><\/span>\n                                                                <\/a>\n                                                            <\/div>\n                                                                                                            <\/div>\n                                                <\/div>\n                                            <\/div>\n                                        <\/div>\n                                                                            <div class=\"col-sm-6 col-lg-3\">\n                                            <div class=\"about-item\">\n                                                <div class=\"item-thumb\">\n                                                    <img decoding=\"async\" src=\"https:\/\/cop30.pactoglobal.org.br\/wp-content\/uploads\/2025\/11\/7-scaled.png\" alt=\"Regenerative Agriculture Guide: Principles, Practices...\n\" class=\"d-block w-100\">\n                                                    <div class=\"item-content\">\n                                                        <div class=\"content-title text-white\">\n                                                            <span class=\"date\">October 3, 2025<\/span>                                                            <h5 class=\"title eve_title text-white\">Regenerative Agriculture Guide: Principles, Practices...<br \/>\n<\/h5>                                                        <\/div>\n                                                                                                                    <div class=\"about-video\">\n                                                                <a class=\"video-btn1 popup-video video-link\" href=\"https:\/\/go.pactoglobal.org.br\/financiamentopraticasagricultura\">\n                                                                    <span><i class=\"fa fa-play\"><\/i><\/span>\n                                                                <\/a>\n                                                            <\/div>\n                                                                                                            <\/div>\n                                                <\/div>\n                                            <\/div>\n                                        <\/div>\n                                                                            <div class=\"col-sm-6 col-lg-3\">\n                                            <div class=\"about-item\">\n                                                <div class=\"item-thumb\">\n                                                    <img decoding=\"async\" src=\"https:\/\/cop30.pactoglobal.org.br\/wp-content\/uploads\/2025\/11\/6-scaled.png\" alt=\"Dialogues Between Soils: Sowing Connections 2025\n\" class=\"d-block w-100\">\n                                                    <div class=\"item-content\">\n                                                        <div class=\"content-title text-white\">\n                                                            <span class=\"date\">October 3, 2025<\/span>                                                            <h5 class=\"title eve_title text-white\">Dialogues Between Soils: Sowing Connections 2025<br \/>\n<\/h5>                                                        <\/div>\n                                                                                                                    <div class=\"about-video\">\n                                                                <a class=\"video-btn1 popup-video video-link\" href=\"https:\/\/go.pactoglobal.org.br\/posicionamentoentresolos\">\n                                                                    <span><i class=\"fa fa-play\"><\/i><\/span>\n                                                                <\/a>\n                                                            <\/div>\n                                                                                                            <\/div>\n                                                <\/div>\n                                            <\/div>\n                                        <\/div>\n                                                                    <\/div>\n                            <\/div>\n                                                    <div class=\"carousel-item \">\n                                <div class=\"row justify-content-center g-4\">\n                                                                            <div class=\"col-sm-6 col-lg-3\">\n                                            <div class=\"about-item\">\n                                                <div class=\"item-thumb\">\n                                                    <img decoding=\"async\" src=\"https:\/\/cop30.pactoglobal.org.br\/wp-content\/uploads\/2025\/11\/1-1-scaled.png\" alt=\"COP30 Mission\n\" class=\"d-block w-100\">\n                                                    <div class=\"item-content\">\n                                                        <div class=\"content-title text-white\">\n                                                            <span class=\"date\">October 3, 2025<\/span>                                                            <h5 class=\"title eve_title text-white\">COP30 Mission<br \/>\n<\/h5>                                                        <\/div>\n                                                                                                                    <div class=\"about-video\">\n                                                                <a class=\"video-btn1 popup-video video-link\" href=\"https:\/\/go.pactoglobal.org.br\/ebookmissaocop30\">\n                                                                    <span><i class=\"fa fa-play\"><\/i><\/span>\n                                                                <\/a>\n                                                            <\/div>\n                                                                                                            <\/div>\n                                                <\/div>\n                                            <\/div>\n                                        <\/div>\n                                                                            <div class=\"col-sm-6 col-lg-3\">\n                                            <div class=\"about-item\">\n                                                <div class=\"item-thumb\">\n                                                    <img decoding=\"async\" src=\"https:\/\/cop30.pactoglobal.org.br\/wp-content\/uploads\/2025\/11\/5-scaled.png\" alt=\"Net Zero 2050 Commercial Transport\n\" class=\"d-block w-100\">\n                                                    <div class=\"item-content\">\n                                                        <div class=\"content-title text-white\">\n                                                            <span class=\"date\">October 3, 2025<\/span>                                                            <h5 class=\"title eve_title text-white\">Net Zero 2050 Commercial Transport<br \/>\n<\/h5>                                                        <\/div>\n                                                                                                                    <div class=\"about-video\">\n                                                                <a class=\"video-btn1 popup-video video-link\" href=\"https:\/\/go.pactoglobal.org.br\/CommercialTransportNetZero2050en\">\n                                                                    <span><i class=\"fa fa-play\"><\/i><\/span>\n                                                                <\/a>\n                                                            <\/div>\n                                                                                                            <\/div>\n                                                <\/div>\n                                            <\/div>\n                                        <\/div>\n                                                                            <div class=\"col-sm-6 col-lg-3\">\n                                            <div class=\"about-item\">\n                                                <div class=\"item-thumb\">\n                                                    <img decoding=\"async\" src=\"https:\/\/cop30.pactoglobal.org.br\/wp-content\/uploads\/2025\/11\/3-scaled.png\" alt=\"Framework for Action: Acelerando a Descarboniza\u00e7\u00e3o...\n\" class=\"d-block w-100\">\n                                                    <div class=\"item-content\">\n                                                        <div class=\"content-title text-white\">\n                                                            <span class=\"date\">October 3, 2025<\/span>                                                            <h5 class=\"title eve_title text-white\">Framework for Action: Acelerando a Descarboniza\u00e7\u00e3o...<br \/>\n<\/h5>                                                        <\/div>\n                                                                                                                    <div class=\"about-video\">\n                                                                <a class=\"video-btn1 popup-video video-link\" href=\"https:\/\/go.pactoglobal.org.br\/frameworkforaction\">\n                                                                    <span><i class=\"fa fa-play\"><\/i><\/span>\n                                                                <\/a>\n                                                            <\/div>\n                                                                                                            <\/div>\n                                                <\/div>\n                                            <\/div>\n                                        <\/div>\n                                                                    <\/div>\n                            <\/div>\n                                                    <div class=\"carousel-item \">\n                                <div class=\"row justify-content-center g-4\">\n                                                                            <div class=\"col-sm-6 col-lg-3\">\n                                            <div class=\"about-item\">\n                                                <div class=\"item-thumb\">\n                                                    <img decoding=\"async\" src=\"https:\/\/cop30.pactoglobal.org.br\/wp-content\/uploads\/2025\/11\/2-scaled.png\" alt=\"Executive Summary Diagnosis of Plastic...\n\" class=\"d-block w-100\">\n                                                    <div class=\"item-content\">\n                                                        <div class=\"content-title text-white\">\n                                                            <span class=\"date\">October 3, 2025<\/span>                                                            <h5 class=\"title eve_title text-white\">Executive Summary Diagnosis of Plastic...<br \/>\n<\/h5>                                                        <\/div>\n                                                                                                                    <div class=\"about-video\">\n                                                                <a class=\"video-btn1 popup-video video-link\" href=\"https:\/\/go.pactoglobal.org.br\/frameworkforaction\">\n                                                                    <span><i class=\"fa fa-play\"><\/i><\/span>\n                                                                <\/a>\n                                                            <\/div>\n                                                                                                            <\/div>\n                                                <\/div>\n                                            <\/div>\n                                        <\/div>\n                                                                            <div class=\"col-sm-6 col-lg-3\">\n                                            <div class=\"about-item\">\n                                                <div class=\"item-thumb\">\n                                                    <img decoding=\"async\" src=\"https:\/\/cop30.pactoglobal.org.br\/wp-content\/uploads\/2025\/11\/16-1-scaled.png\" alt=\"Blue Keepers Web Map\n\" class=\"d-block w-100\">\n                                                    <div class=\"item-content\">\n                                                        <div class=\"content-title text-white\">\n                                                            <span class=\"date\">October 3, 2025<\/span>                                                            <h5 class=\"title eve_title text-white\">Blue Keepers Web Map<br \/>\n<\/h5>                                                        <\/div>\n                                                                                                                    <div class=\"about-video\">\n                                                                <a class=\"video-btn1 popup-video video-link\" href=\"https:\/\/www.pactoglobal.org.br\/webmapa-bluekeepers\/\">\n                                                                    <span><i class=\"fa fa-play\"><\/i><\/span>\n                                                                <\/a>\n                                                            <\/div>\n                                                                                                            <\/div>\n                                                <\/div>\n                                            <\/div>\n                                        <\/div>\n                                                                            <div class=\"col-sm-6 col-lg-3\">\n                                            <div class=\"about-item\">\n                                                <div class=\"item-thumb\">\n                                                    <img decoding=\"async\" src=\"https:\/\/cop30.pactoglobal.org.br\/wp-content\/uploads\/2025\/11\/15-scaled.png\" alt=\"National Waste Inventory\n\" class=\"d-block w-100\">\n                                                    <div class=\"item-content\">\n                                                        <div class=\"content-title text-white\">\n                                                            <span class=\"date\">October 3, 2025<\/span>                                                            <h5 class=\"title eve_title text-white\">National Waste Inventory<br \/>\n<\/h5>                                                        <\/div>\n                                                                                                                    <div class=\"about-video\">\n                                                                <a class=\"video-btn1 popup-video video-link\" href=\"https:\/\/inr.bluekeepers.pactoglobal.org.br\/\">\n                                                                    <span><i class=\"fa fa-play\"><\/i><\/span>\n                                                                <\/a>\n                                                            <\/div>\n                                                                                                            <\/div>\n                                                <\/div>\n                                            <\/div>\n                                        <\/div>\n                                                                    <\/div>\n                            <\/div>\n                                                    <div class=\"carousel-item \">\n                                <div class=\"row justify-content-center g-4\">\n                                                                            <div class=\"col-sm-6 col-lg-3\">\n                                            <div class=\"about-item\">\n                                                <div class=\"item-thumb\">\n                                                    <img decoding=\"async\" src=\"https:\/\/cop30.pactoglobal.org.br\/wp-content\/uploads\/2025\/11\/6-scaled.png\" alt=\"Dialogues Between Soils 1: Tropical Agriculture...\" class=\"d-block w-100\">\n                                                    <div class=\"item-content\">\n                                                        <div class=\"content-title text-white\">\n                                                            <span class=\"date\">October 3, 2025<\/span>                                                            <h5 class=\"title eve_title text-white\">Dialogues Between Soils 1: Tropical Agriculture...<\/h5>                                                        <\/div>\n                                                                                                                    <div class=\"about-video\">\n                                                                <a class=\"video-btn1 popup-video video-link\" href=\"https:\/\/go.pactoglobal.org.br\/agriculturatropical%20\">\n                                                                    <span><i class=\"fa fa-play\"><\/i><\/span>\n                                                                <\/a>\n                                                            <\/div>\n                                                                                                            <\/div>\n                                                <\/div>\n                                            <\/div>\n                                        <\/div>\n                                                                            <div class=\"col-sm-6 col-lg-3\">\n                                            <div class=\"about-item\">\n                                                <div class=\"item-thumb\">\n                                                    <img decoding=\"async\" src=\"https:\/\/cop30.pactoglobal.org.br\/wp-content\/uploads\/2025\/11\/6-scaled.png\" alt=\"Dialogues Between Soils 2: Agriculture and Forests\n\" class=\"d-block w-100\">\n                                                    <div class=\"item-content\">\n                                                        <div class=\"content-title text-white\">\n                                                            <span class=\"date\">October 3, 2025<\/span>                                                            <h5 class=\"title eve_title text-white\">Dialogues Between Soils 2: Agriculture and Forests<br \/>\n<\/h5>                                                        <\/div>\n                                                                                                                    <div class=\"about-video\">\n                                                                <a class=\"video-btn1 popup-video video-link\" href=\"http:\/\/go.pactoglobal.org.br\/download-docentresolos\">\n                                                                    <span><i class=\"fa fa-play\"><\/i><\/span>\n                                                                <\/a>\n                                                            <\/div>\n                                                                                                            <\/div>\n                                                <\/div>\n                                            <\/div>\n                                        <\/div>\n                                                                            <div class=\"col-sm-6 col-lg-3\">\n                                            <div class=\"about-item\">\n                                                <div class=\"item-thumb\">\n                                                    <img decoding=\"async\" src=\"https:\/\/cop30.pactoglobal.org.br\/wp-content\/uploads\/2025\/11\/6-scaled.png\" alt=\"Dialogues Between Soils 3: Towards Regenerative...\n\" class=\"d-block w-100\">\n                                                    <div class=\"item-content\">\n                                                        <div class=\"content-title text-white\">\n                                                            <span class=\"date\">October 3, 2025<\/span>                                                            <h5 class=\"title eve_title text-white\">Dialogues Between Soils 3: Towards Regenerative...<br \/>\n<\/h5>                                                        <\/div>\n                                                                                                                    <div class=\"about-video\">\n                                                                <a class=\"video-btn1 popup-video video-link\" href=\"https:\/\/go.pactoglobal.org.br\/sistemasprodutivosregenerativos\">\n                                                                    <span><i class=\"fa fa-play\"><\/i><\/span>\n                                                                <\/a>\n                                                            <\/div>\n                                                                                                            <\/div>\n                                                <\/div>\n                                            <\/div>\n                                        <\/div>\n                                                                    <\/div>\n                            <\/div>\n                                                    <div class=\"carousel-item \">\n                                <div class=\"row justify-content-center g-4\">\n                                                                            <div class=\"col-sm-6 col-lg-3\">\n                                            <div class=\"about-item\">\n                                                <div class=\"item-thumb\">\n                                                    <img decoding=\"async\" src=\"https:\/\/cop30.pactoglobal.org.br\/wp-content\/uploads\/2025\/11\/13-scaled.png\" alt=\"Business Thematic Paper on Climate Justice...\n\" class=\"d-block w-100\">\n                                                    <div class=\"item-content\">\n                                                        <div class=\"content-title text-white\">\n                                                            <span class=\"date\">October 3, 2025<\/span>                                                            <h5 class=\"title eve_title text-white\">Business Thematic Paper on Climate Justice...<br \/>\n<\/h5>                                                        <\/div>\n                                                                                                                    <div class=\"about-video\">\n                                                                <a class=\"video-btn1 popup-video video-link\" href=\"https:\/\/go.pactoglobal.org.br\/clima-energia-justicaclimatica\">\n                                                                    <span><i class=\"fa fa-play\"><\/i><\/span>\n                                                                <\/a>\n                                                            <\/div>\n                                                                                                            <\/div>\n                                                <\/div>\n                                            <\/div>\n                                        <\/div>\n                                                                            <div class=\"col-sm-6 col-lg-3\">\n                                            <div class=\"about-item\">\n                                                <div class=\"item-thumb\">\n                                                    <img decoding=\"async\" src=\"https:\/\/cop30.pactoglobal.org.br\/wp-content\/uploads\/2025\/11\/14-scaled.png\" alt=\"Business Thematic Paper on Climate Justice...\n\" class=\"d-block w-100\">\n                                                    <div class=\"item-content\">\n                                                        <div class=\"content-title text-white\">\n                                                            <span class=\"date\">October 3, 2025<\/span>                                                            <h5 class=\"title eve_title text-white\">Business Thematic Paper on Climate Justice...<br \/>\n<\/h5>                                                        <\/div>\n                                                                                                                    <div class=\"about-video\">\n                                                                <a class=\"video-btn1 popup-video video-link\" href=\"https:\/\/www.youtuhttps:\/\/go.pactoglobal.org.br\/clima-construcaocivil-justicaclimaticabe.com\/embed\/SZEflIVnhH8\">\n                                                                    <span><i class=\"fa fa-play\"><\/i><\/span>\n                                                                <\/a>\n                                                            <\/div>\n                                                                                                            <\/div>\n                                                <\/div>\n                                            <\/div>\n                                        <\/div>\n                                                                            <div class=\"col-sm-6 col-lg-3\">\n                                            <div class=\"about-item\">\n                                                <div class=\"item-thumb\">\n                                                    <img decoding=\"async\" src=\"https:\/\/cop30.pactoglobal.org.br\/wp-content\/uploads\/2025\/11\/11-scaled.png\" alt=\"Business Thematic Paper on Climate Justice...\" class=\"d-block w-100\">\n                                                    <div class=\"item-content\">\n                                                        <div class=\"content-title text-white\">\n                                                            <span class=\"date\">October 3, 2025<\/span>                                                            <h5 class=\"title eve_title text-white\">Business Thematic Paper on Climate Justice...<\/h5>                                                        <\/div>\n                                                                                                                    <div class=\"about-video\">\n                                                                <a class=\"video-btn1 popup-video video-link\" href=\"https:\/\/go.pactoglobal.org.br\/InteresseCadernoJusticaClimaticaSetorSaude\">\n                                                                    <span><i class=\"fa fa-play\"><\/i><\/span>\n                                                                <\/a>\n                                                            <\/div>\n                                                                                                            <\/div>\n                                                <\/div>\n                                            <\/div>\n                                        <\/div>\n                                                                    <\/div>\n                            <\/div>\n                                                    <div class=\"carousel-item \">\n                                <div class=\"row justify-content-center g-4\">\n                                                                            <div class=\"col-sm-6 col-lg-3\">\n                                            <div class=\"about-item\">\n                                                <div class=\"item-thumb\">\n                                                    <img decoding=\"async\" src=\"https:\/\/cop30.pactoglobal.org.br\/wp-content\/uploads\/2025\/11\/12-scaled.png\" alt=\"Business Thematic Paper on Climate Justice...\n\" class=\"d-block w-100\">\n                                                    <div class=\"item-content\">\n                                                        <div class=\"content-title text-white\">\n                                                            <span class=\"date\">October 3, 2025<\/span>                                                            <h5 class=\"title eve_title text-white\">Business Thematic Paper on Climate Justice...<br \/>\n<\/h5>                                                        <\/div>\n                                                                                                                    <div class=\"about-video\">\n                                                                <a class=\"video-btn1 popup-video video-link\" href=\"https:\/\/go.pactoglobal.org.br\/InteresseCadernoJusticaClimaticaSetorModaTextil\">\n                                                                    <span><i class=\"fa fa-play\"><\/i><\/span>\n                                                                <\/a>\n                                                            <\/div>\n                                                                                                            <\/div>\n                                                <\/div>\n                                            <\/div>\n                                        <\/div>\n                                                                            <div class=\"col-sm-6 col-lg-3\">\n                                            <div class=\"about-item\">\n                                                <div class=\"item-thumb\">\n                                                    <img decoding=\"async\" src=\"https:\/\/cop30.pactoglobal.org.br\/wp-content\/uploads\/2025\/11\/17-scaled.png\" alt=\"Combating Greenwashing Videos\n\" class=\"d-block w-100\">\n                                                    <div class=\"item-content\">\n                                                        <div class=\"content-title text-white\">\n                                                            <span class=\"date\">October 3, 2025<\/span>                                                            <h5 class=\"title eve_title text-white\">Combating Greenwashing Videos<br \/>\n<\/h5>                                                        <\/div>\n                                                                                                                    <div class=\"about-video\">\n                                                                <a class=\"video-btn1 popup-video video-link\" href=\"https:\/\/www.youtube.com\/playlist?list=PL09iimVzm9SqdLcovRZHReln-whiTUFsz\">\n                                                                    <span><i class=\"fa fa-play\"><\/i><\/span>\n                                                                <\/a>\n                                                            <\/div>\n                                                                                                            <\/div>\n                                                <\/div>\n                                            <\/div>\n                                        <\/div>\n                                                                    <\/div>\n                            <\/div>\n                                            <\/div>\n\n                    <!-- Controles -->\n                    <button class=\"carousel-control-prev\" type=\"button\" data-bs-target=\"#eventCarousel\" data-bs-slide=\"prev\">\n                        <span class=\"carousel-control-prev-icon\" aria-hidden=\"true\"><\/span>\n                        <span class=\"visually-hidden\">Anterior<\/span>\n                    <\/button>\n                    <button class=\"carousel-control-next\" type=\"button\" data-bs-target=\"#eventCarousel\" data-bs-slide=\"next\">\n                        <span class=\"carousel-control-next-icon\" aria-hidden=\"true\"><\/span>\n                        <span class=\"visually-hidden\">Pr\u00f3ximo<\/span>\n                    <\/button>\n                <\/div>\n\n                                    <div class=\"dots img-moving-anim5\">\n                        <img decoding=\"async\" src=\"https:\/\/cop30.pactoglobal.org.br\/wp-content\/uploads\/2024\/11\/DOTS-HORIZONTAL.png\" alt=\"Shape Images\">\n                    <\/div>\n                            <\/div>\n            <\/div>\n\n    <\/section>\n\n\t\t\t\t<\/div>\n\t\t\t\t<\/div>\n\t\t\t\t<div class=\"elementor-element elementor-element-93c136a mb-0 elementor-widget elementor-widget-event_pricing_tables\" data-id=\"93c136a\" data-element_type=\"widget\" id=\"engajamento\" data-widget_type=\"event_pricing_tables.default\">\n\t\t\t\t<div class=\"elementor-widget-container\">\n\t\t\t\t\t<!-- about sec start -->\r\n<section id=\"pricing\" class=\"event-pricing-tables pricing-sec position-relative\">\r\n    <div class=\"container\" data-aos=\"fade-down\" data-aos-easing=\"linear\" data-aos-duration=\"1000\">\r\n        <div class=\"section-head col-xl-8 m-auto text-center px-md-5\">\r\n            <span class=\"label\">\\\\\\ Engagement \/\/\/<\/span>            <h2 class=\"title mb-4\">How can your company or organization get involved? <br \/>\n<br \/>\n<\/h2>            <p class=\"desc mb-5\">There are three main engagement modalities in the Pact Towards COP30 Program:<br \/>\n<\/p>        <\/div>\r\n\r\n                    <div class=\"pricing-cart-wrap\">\r\n                <div class=\"row row-cols-1 row-cols-lg-3 justify-content-center g-4\">\r\n                                            <div class=\"col col-md-6 col-lg-4\">\r\n                            <div class=\"card  h-100\" data-aos=\"flip-left\" data-aos-easing=\"ease-out-cubic\" data-aos-duration=\"2000\">\r\n                                <div class=\"card-body\">\r\n                                    <span class=\"card-lable\"><i class=\"fa-sharp fas fa-circle\"><\/i>ENGAGED COMPANY<\/span>                                    <h3 class=\"price-pacage\">\r\n                                                                                                                    <\/h3>\r\n                                                                            <ul>\r\n                                                                                            <li class=\"price_feature\">\r\n                                                    <i class=\"fas fa-check\"><\/i>Access to the program's free actions, such as movements, working groups, webinars, national and international events.<br \/>\n                                                                                                        <\/li>\r\n                                                                                        <\/ul>\r\n                                                                        <div class=\"card-btn\">\r\n                                                                                    <a class=\"btn mb-3 custom-btn2\"  href=\"https:\/\/go.pactoglobal.org.br\/PactoRumoCOP30\">Join us<\/a>                                                                                                                        \r\n                                    <\/div>\r\n                                <\/div>\r\n                            <\/div>\r\n                        <\/div>\r\n                                            <div class=\"col col-md-6 col-lg-4\">\r\n                            <div class=\"card  h-100\" data-aos=\"flip-left\" data-aos-easing=\"ease-out-cubic\" data-aos-duration=\"2000\">\r\n                                <div class=\"card-body\">\r\n                                    <span class=\"card-lable\"><i class=\"fa-sharp fas fa-circle\"><\/i>STRATEGIC PARTNER<\/span>                                    <h3 class=\"price-pacage\">\r\n                                                                                                                    <\/h3>\r\n                                                                            <ul>\r\n                                                                                            <li class=\"price_feature\">\r\n                                                    <i class=\"fas fa-check\"><\/i>For non-business organizations that have a solid track record in the Climate Agenda and can contribute to the Program's objectives.<br \/>\n                                                                                                        <\/li>\r\n                                                                                        <\/ul>\r\n                                                                        <div class=\"card-btn\">\r\n                                                                                    <a class=\"btn mb-3 custom-btn2\"  href=\"https:\/\/go.pactoglobal.org.br\/PactoRumoCOP30\">Join us<\/a>                                                                                                                        \r\n                                    <\/div>\r\n                                <\/div>\r\n                            <\/div>\r\n                        <\/div>\r\n                                            <div class=\"col col-md-6 col-lg-4\">\r\n                            <div class=\"card  h-100\" data-aos=\"flip-left\" data-aos-easing=\"ease-out-cubic\" data-aos-duration=\"2000\">\r\n                                <div class=\"card-body\">\r\n                                    <span class=\"card-lable\"><i class=\"fa-sharp fas fa-circle\"><\/i>FOREST, BIOME, OR BIOSPHERE SUPPORT<\/span>                                    <h3 class=\"price-pacage\">\r\n                                                                                                                    <\/h3>\r\n                                                                            <ul>\r\n                                                                                            <li class=\"price_feature\">\r\n                                                    <i class=\"fas fa-check\"><\/i>For companies engaged with potential leadership in climate actions with the Program. Some benefits include active participation in projects and invitations to national and international events.<br \/>\n                                                                                                        <\/li>\r\n                                                                                        <\/ul>\r\n                                                                        <div class=\"card-btn\">\r\n                                                                                    <a class=\"btn mb-3 custom-btn2\"  href=\"https:\/\/go.pactoglobal.org.br\/PactoRumoCOP30\">Join us<\/a>                                                                                                                        \r\n                                    <\/div>\r\n                                <\/div>\r\n                            <\/div>\r\n                        <\/div>\r\n                                    <\/div>\r\n                                    <div class=\"dots img-moving-anim1\">\r\n                        <img decoding=\"async\" src=\"https:\/\/homologcop30.pactoglobal.org.br\/wp-content\/uploads\/2024\/11\/DOTS-VERTICAL.png\" alt=\"Shape Images\">\r\n                    <\/div>\r\n                            <\/div>\r\n            <\/div>\r\n\r\n    <\/section>\r\n<!-- about sec end -->\r\n<!-- pricing sec end -->\t\t\t\t<\/div>\n\t\t\t\t<\/div>\n\t\t\t\t<div class=\"elementor-element elementor-element-a88ac86 mb-0 pb-0 elementor-widget elementor-widget-event_videos\" data-id=\"a88ac86\" data-element_type=\"widget\" id=\"videos\" data-widget_type=\"event_videos.default\">\n\t\t\t\t<div class=\"elementor-widget-container\">\n\t\t\t\t\t\n<style>\n    .carousel-control-next-icon {\n        background-image: url('https:\/\/www.pactoglobal.org.br\/wp-content\/themes\/pacto-global\/img\/noticias\/setas-1.svg') !important;\n        transform: rotate(180deg) !important;\n    }\n\n    .carousel-control-prev-icon {\n        background-image: url('https:\/\/www.pactoglobal.org.br\/wp-content\/themes\/pacto-global\/img\/noticias\/setas-1.svg') !important;\n    }\n\n    @media(min-width:992px) {\n        .carousel-control-next {\n            height: 40px;\n            top: 45%;\n        }\n    }\n<\/style>\n<section id=\"about\" class=\"event-videos about-sec\">\n    <div class=\"container\">\n        <div class=\"section-head col-xl-9 m-auto text-center mb-5\">\n            <span class=\"label\">\\\\\\ Pre-COP30 Webinars \/\/\/<\/span>            <h1 class=\"title sec-title mb-4\">The meeting point for the business sector to learn more about COPs.<br \/>\n<\/h1>            <p class=\"desc mx-3\">Understand your potential for transformation in the face of the global Climate Agenda and stay up to date on the discussions of the Conferences of the Parties through debates with renowned experts and business and government representatives. Watch the Pre-COP30 Webinars and stay tuned for the next ones:<br \/>\n<\/p>        <\/div>\n\n                    <div class=\"about-items-wrap\" data-aos=\"fade-right\" data-aos-duration=\"1000\">\n                <div id=\"eventCarousel\" class=\"carousel slide\" data-bs-ride=\"carousel\">\n                    <div class=\"carousel-inner\">\n                                                    <div class=\"carousel-item active\">\n                                <div class=\"row justify-content-center g-4\">\n                                                                            <div class=\"col-lg-6\">\n                                            <div class=\"about-item\">\n                                                <div class=\"item-thumb\">\n                                                    <img decoding=\"async\" src=\"https:\/\/cop30.pactoglobal.org.br\/wp-content\/uploads\/2025\/11\/5-webinar-2-scaled.png\" alt=\"5th Pre-COP30 Webinar: Expectations for COP30\" class=\"d-block w-100\">\n                                                    <div class=\"item-content\">\n                                                        <div class=\"content-title text-white\">\n                                                            <span class=\"date\">05\/11\/24<\/span>                                                            <h5 class=\"title eve_title text-white\">5th Pre-COP30 Webinar: Expectations for COP30<\/h5>                                                        <\/div>\n                                                                                                                    <div class=\"about-video\">\n                                                                <a class=\"video-btn1 popup-video video-link\" href=\"https:\/\/www.youtube.com\/live\/3kf74r2iyws\">\n                                                                    <span><i class=\"fa fa-play\"><\/i><\/span>\n                                                                <\/a>\n                                                            <\/div>\n                                                                                                            <\/div>\n                                                <\/div>\n                                            <\/div>\n                                        <\/div>\n                                                                            <div class=\"col-sm-6 col-lg-3\">\n                                            <div class=\"about-item\">\n                                                <div class=\"item-thumb\">\n                                                    <img decoding=\"async\" src=\"https:\/\/cop30.pactoglobal.org.br\/wp-content\/uploads\/2025\/11\/P7FdIRIku4RjD6q4JNvGWs326t93F1oo9pSYPYur-scaled.png\" alt=\"Strengthening multilateralism:\nfrom ambition to action\" class=\"d-block w-100\">\n                                                    <div class=\"item-content\">\n                                                        <div class=\"content-title text-white\">\n                                                            <span class=\"date\">October 3, 2025<\/span>                                                            <h5 class=\"title eve_title text-white\">Strengthening multilateralism:<br \/>\nfrom ambition to action<\/h5>                                                        <\/div>\n                                                                                                                    <div class=\"about-video\">\n                                                                <a class=\"video-btn1 popup-video video-link\" href=\"https:\/\/www.youtube.com\/watch?v=PiAsKtNsYVk&#038;list=PL09iimVzm9SqiosNJ1bEesev3CCd45aNH\">\n                                                                    <span><i class=\"fa fa-play\"><\/i><\/span>\n                                                                <\/a>\n                                                            <\/div>\n                                                                                                            <\/div>\n                                                <\/div>\n                                            <\/div>\n                                        <\/div>\n                                                                            <div class=\"col-sm-6 col-lg-3\">\n                                            <div class=\"about-item\">\n                                                <div class=\"item-thumb\">\n                                                    <img decoding=\"async\" src=\"https:\/\/cop30.pactoglobal.org.br\/wp-content\/uploads\/2025\/11\/3-webinar-pre-cop30-vf_11zon-scaled-1.png\" alt=\"Social impacts of climate change\n\" class=\"d-block w-100\">\n                                                    <div class=\"item-content\">\n                                                        <div class=\"content-title text-white\">\n                                                            <span class=\"date\">October 3, 2025<\/span>                                                            <h5 class=\"title eve_title text-white\">Social impacts of climate change<br \/>\n<\/h5>                                                        <\/div>\n                                                                                                                    <div class=\"about-video\">\n                                                                <a class=\"video-btn1 popup-video video-link\" href=\"https:\/\/www.youtube.com\/watch?v=m0xLlQOCAcI\">\n                                                                    <span><i class=\"fa fa-play\"><\/i><\/span>\n                                                                <\/a>\n                                                            <\/div>\n                                                                                                            <\/div>\n                                                <\/div>\n                                            <\/div>\n                                        <\/div>\n                                                                    <\/div>\n                            <\/div>\n                                                    <div class=\"carousel-item \">\n                                <div class=\"row justify-content-center g-4\">\n                                                                            <div class=\"col-sm-6 col-lg-3\">\n                                            <div class=\"about-item\">\n                                                <div class=\"item-thumb\">\n                                                    <img decoding=\"async\" src=\"https:\/\/cop30.pactoglobal.org.br\/wp-content\/uploads\/2025\/11\/2o-webinar_11zon-scaled-1.png\" alt=\"Climate Finance &amp; Expectations for COP29\n\" class=\"d-block w-100\">\n                                                    <div class=\"item-content\">\n                                                        <div class=\"content-title text-white\">\n                                                            <span class=\"date\">October 3, 2025<\/span>                                                            <h5 class=\"title eve_title text-white\">Climate Finance &amp; Expectations for COP29<br \/>\n<\/h5>                                                        <\/div>\n                                                                                                                    <div class=\"about-video\">\n                                                                <a class=\"video-btn1 popup-video video-link\" href=\"https:\/\/www.youtube.com\/embed\/HNouxTgMSmg?si=WLPOJFLNdM6HbMkE\">\n                                                                    <span><i class=\"fa fa-play\"><\/i><\/span>\n                                                                <\/a>\n                                                            <\/div>\n                                                                                                            <\/div>\n                                                <\/div>\n                                            <\/div>\n                                        <\/div>\n                                                                            <div class=\"col-sm-6 col-lg-3\">\n                                            <div class=\"about-item\">\n                                                <div class=\"item-thumb\">\n                                                    <img decoding=\"async\" src=\"https:\/\/homologcop30.pactoglobal.org.br\/wp-content\/uploads\/2024\/11\/Webinar2a.png\" alt=\"Negotiations and Business Participation\n\" class=\"d-block w-100\">\n                                                    <div class=\"item-content\">\n                                                        <div class=\"content-title text-white\">\n                                                            <span class=\"date\">28\/08\/24<\/span>                                                            <h5 class=\"title eve_title text-white\">Negotiations and Business Participation<br \/>\n<\/h5>                                                        <\/div>\n                                                                                                                    <div class=\"about-video\">\n                                                                <a class=\"video-btn1 popup-video video-link\" href=\"https:\/\/www.youtube.com\/embed\/eYDrpecfDRw?si=TTQReobf0T4VoIn9\">\n                                                                    <span><i class=\"fa fa-play\"><\/i><\/span>\n                                                                <\/a>\n                                                            <\/div>\n                                                                                                            <\/div>\n                                                <\/div>\n                                            <\/div>\n                                        <\/div>\n                                                                            <div class=\"col-sm-6 col-lg-3\">\n                                            <div class=\"about-item\">\n                                                <div class=\"item-thumb\">\n                                                    <img decoding=\"async\" src=\"https:\/\/homologcop30.pactoglobal.org.br\/wp-content\/uploads\/2024\/11\/Webinar3.png\" alt=\"Launch of the Pact Towards COP30 Program\n\" class=\"d-block w-100\">\n                                                    <div class=\"item-content\">\n                                                        <div class=\"content-title text-white\">\n                                                            <span class=\"date\">03\/06\/24<\/span>                                                            <h5 class=\"title eve_title text-white\">Launch of the Pact Towards COP30 Program<br \/>\n<\/h5>                                                        <\/div>\n                                                                                                                    <div class=\"about-video\">\n                                                                <a class=\"video-btn1 popup-video video-link\" href=\"https:\/\/www.youtube.com\/embed\/tF2_1HwE7SI?si=PJg08B3cLhsT8CEr\">\n                                                                    <span><i class=\"fa fa-play\"><\/i><\/span>\n                                                                <\/a>\n                                                            <\/div>\n                                                                                                            <\/div>\n                                                <\/div>\n                                            <\/div>\n                                        <\/div>\n                                                                    <\/div>\n                            <\/div>\n                                            <\/div>\n\n                    <!-- Controles -->\n                    <button class=\"carousel-control-prev\" type=\"button\" data-bs-target=\"#eventCarousel\" data-bs-slide=\"prev\">\n                        <span class=\"carousel-control-prev-icon\" aria-hidden=\"true\"><\/span>\n                        <span class=\"visually-hidden\">Anterior<\/span>\n                    <\/button>\n                    <button class=\"carousel-control-next\" type=\"button\" data-bs-target=\"#eventCarousel\" data-bs-slide=\"next\">\n                        <span class=\"carousel-control-next-icon\" aria-hidden=\"true\"><\/span>\n                        <span class=\"visually-hidden\">Pr\u00f3ximo<\/span>\n                    <\/button>\n                <\/div>\n\n                                    <div class=\"dots img-moving-anim5\">\n                        <img decoding=\"async\" src=\"https:\/\/homologcop30.pactoglobal.org.br\/wp-content\/uploads\/2024\/11\/DOTS-HORIZONTAL.png\" alt=\"Shape Images\">\n                    <\/div>\n                            <\/div>\n            <\/div>\n\n    <\/section>\n\n\t\t\t\t<\/div>\n\t\t\t\t<\/div>\n\t\t\t\t<div class=\"elementor-element elementor-element-d049e98 elementor-widget elementor-widget-spacer\" data-id=\"d049e98\" data-element_type=\"widget\" id=\"parcerias\" data-widget_type=\"spacer.default\">\n\t\t\t\t<div class=\"elementor-widget-container\">\n\t\t\t\t\t\t\t<div class=\"elementor-spacer\">\n\t\t\t<div class=\"elementor-spacer-inner\"><\/div>\n\t\t<\/div>\n\t\t\t\t\t\t<\/div>\n\t\t\t\t<\/div>\n\t\t\t\t<div class=\"elementor-element elementor-element-3bebb72 mb-0 elementor-widget elementor-widget-event_news\" data-id=\"3bebb72\" data-element_type=\"widget\" id=\"noticias\" data-widget_type=\"event_news.default\">\n\t\t\t\t<div class=\"elementor-widget-container\">\n\t\t\t\t\t<!-- about sec start -->\r\n<section class=\"event-news blog-sec position-relative bg-image aos-init aos-animate\" data-aos=\"fade-up\" data-aos-duration=\"1000\">\r\n    <div class=\"container\">\r\n        <div class=\"section-head d-grid d-lg-flex justify-content-lg-between\">\r\n            <div class=\"col-lg-9 mb-4 mb-lg-0\">\r\n                <span class=\"label\">\\\\\\ News \/\/\/<\/span>                                            <\/div>\r\n                            <div class=\"btn-wrap\">\r\n                    <a href=\"https:\/\/homologcop30.pactoglobal.org.br\/index.php\/blog\/\" class=\"btn faq-btn custom-btn\">All<\/a>\r\n                <\/div>\r\n                    <\/div>\r\n\r\n        <div class=\"blog-cards-wrap zoom-gallery\">\r\n                            <div class=\"dots img-moving-anim1\">\r\n                    <img decoding=\"async\" src=\"https:\/\/homologcop30.pactoglobal.org.br\/wp-content\/uploads\/2024\/11\/DOTS-HORIZONTAL.png\" class=\"blog-dots-1\" alt=\"Shadow\">\r\n                <\/div>\r\n                                        <div class=\"row row-cols-1 row-cols-md-3 justify-content-center g-4\">\r\n                    <!-- the loop -->\r\n                                            <div class=\"col col-md-6 col-lg-4 aos-init aos-animate\" data-aos=\"fade-up\" data-aos-duration=\"800\">\r\n                            <div class=\"card h-100 border-0\">\r\n                                                                    <a class=\"card-thumb item-thumb overflow-hidden\" href=\"https:\/\/cop30.pactoglobal.org.br\/index.php\/en\/2026\/02\/03\/experience-in-the-amazon-brings-the-un-global-compact-network-brazil-team-and-guests-closer-to-the-depth-of-the-forest\/\">\r\n                                        <img fetchpriority=\"high\" decoding=\"async\" width=\"1568\" height=\"1045\" src=\"https:\/\/cop30.pactoglobal.org.br\/wp-content\/uploads\/2026\/01\/BK0B0493-1-1568x1045.jpg\" class=\"card-img-top img-fluid wp-post-image\" alt=\"\" srcset=\"https:\/\/cop30.pactoglobal.org.br\/wp-content\/uploads\/2026\/01\/BK0B0493-1-1568x1045.jpg 1568w, https:\/\/cop30.pactoglobal.org.br\/wp-content\/uploads\/2026\/01\/BK0B0493-1-300x200.jpg 300w, https:\/\/cop30.pactoglobal.org.br\/wp-content\/uploads\/2026\/01\/BK0B0493-1-1024x683.jpg 1024w, https:\/\/cop30.pactoglobal.org.br\/wp-content\/uploads\/2026\/01\/BK0B0493-1-768x512.jpg 768w, https:\/\/cop30.pactoglobal.org.br\/wp-content\/uploads\/2026\/01\/BK0B0493-1-1536x1024.jpg 1536w, https:\/\/cop30.pactoglobal.org.br\/wp-content\/uploads\/2026\/01\/BK0B0493-1-2048x1365.jpg 2048w\" sizes=\"(max-width: 1568px) 100vw, 1568px\" style=\"width:100%;height:66.68%;max-width:2560px;\" \/>                                        <span class=\"view\">Read<\/span>\r\n                                    <\/a>\r\n                                                                <div class=\"card-body\">\r\n                                    <span class=\"label\"<a href=\"https:\/\/cop30.pactoglobal.org.br\/index.php\/en\/category\/cop30-en\/\" rel=\"category tag\">COP30<\/a><\/span>                                    <h5 class=\"card-title\"><a href=\"https:\/\/cop30.pactoglobal.org.br\/index.php\/en\/2026\/02\/03\/experience-in-the-amazon-brings-the-un-global-compact-network-brazil-team-and-guests-closer-to-the-depth-of-the-forest\/\">Experience in the Amazon brings the UN Global Compact Network Brazil team and guests closer to the depth of the forest<\/a><\/h5>                                    <p class=\"card-desc\">The team from the UN Global Compact Network Brazil and its guests experienced a unique immersion on the banks of Guajar\u00e1 Bay, visiting Combu Island and the Boa Vista do&hellip;<\/p>\r\n                                    <a class=\"blog-btn\" href=\"https:\/\/cop30.pactoglobal.org.br\/index.php\/en\/2026\/02\/03\/experience-in-the-amazon-brings-the-un-global-compact-network-brazil-team-and-guests-closer-to-the-depth-of-the-forest\/\">Continue reading<\/a>\r\n                                <\/div>\r\n                            <\/div>\r\n                        <\/div>\r\n                                            <div class=\"col col-md-6 col-lg-4 aos-init aos-animate\" data-aos=\"fade-up\" data-aos-duration=\"800\">\r\n                            <div class=\"card h-100 border-0\">\r\n                                                                    <a class=\"card-thumb item-thumb overflow-hidden\" href=\"https:\/\/cop30.pactoglobal.org.br\/index.php\/en\/2026\/02\/03\/implementation-in-focus-un-global-compact-network-brazil-transforms-presence-at-cop30-into-deliverables-and-strategic-coordination\/\">\r\n                                        <img decoding=\"async\" width=\"1568\" height=\"1045\" src=\"https:\/\/cop30.pactoglobal.org.br\/wp-content\/uploads\/2026\/01\/BK0B9021-1568x1045.jpg\" class=\"card-img-top img-fluid wp-post-image\" alt=\"\" srcset=\"https:\/\/cop30.pactoglobal.org.br\/wp-content\/uploads\/2026\/01\/BK0B9021-1568x1045.jpg 1568w, https:\/\/cop30.pactoglobal.org.br\/wp-content\/uploads\/2026\/01\/BK0B9021-300x200.jpg 300w, https:\/\/cop30.pactoglobal.org.br\/wp-content\/uploads\/2026\/01\/BK0B9021-1024x683.jpg 1024w, https:\/\/cop30.pactoglobal.org.br\/wp-content\/uploads\/2026\/01\/BK0B9021-768x512.jpg 768w, https:\/\/cop30.pactoglobal.org.br\/wp-content\/uploads\/2026\/01\/BK0B9021-1536x1024.jpg 1536w, https:\/\/cop30.pactoglobal.org.br\/wp-content\/uploads\/2026\/01\/BK0B9021-2048x1365.jpg 2048w\" sizes=\"(max-width: 1568px) 100vw, 1568px\" style=\"width:100%;height:66.64%;max-width:2560px;\" \/>                                        <span class=\"view\">Read<\/span>\r\n                                    <\/a>\r\n                                                                <div class=\"card-body\">\r\n                                    <span class=\"label\"<a href=\"https:\/\/cop30.pactoglobal.org.br\/index.php\/en\/category\/cop30-en\/\" rel=\"category tag\">COP30<\/a><\/span>                                    <h5 class=\"card-title\"><a href=\"https:\/\/cop30.pactoglobal.org.br\/index.php\/en\/2026\/02\/03\/implementation-in-focus-un-global-compact-network-brazil-transforms-presence-at-cop30-into-deliverables-and-strategic-coordination\/\">Implementation in focus: UN Global Compact Network Brazil transforms presence at COP30 into deliverables and strategic coordination<\/a><\/h5>                                    <p class=\"card-desc\">UN Global Compact Network Brazil was present in panels, meetings, technical debates, and side events that reinforced its cross-cutting role in the climate agenda and its function as a connector&hellip;<\/p>\r\n                                    <a class=\"blog-btn\" href=\"https:\/\/cop30.pactoglobal.org.br\/index.php\/en\/2026\/02\/03\/implementation-in-focus-un-global-compact-network-brazil-transforms-presence-at-cop30-into-deliverables-and-strategic-coordination\/\">Continue reading<\/a>\r\n                                <\/div>\r\n                            <\/div>\r\n                        <\/div>\r\n                                            <div class=\"col col-md-6 col-lg-4 aos-init aos-animate\" data-aos=\"fade-up\" data-aos-duration=\"800\">\r\n                            <div class=\"card h-100 border-0\">\r\n                                                                    <a class=\"card-thumb item-thumb overflow-hidden\" href=\"https:\/\/cop30.pactoglobal.org.br\/index.php\/en\/2026\/02\/03\/beyond-belem-when-the-amazon-became-the-center-of-decisions-about-the-future\/\">\r\n                                        <img decoding=\"async\" width=\"1568\" height=\"1045\" src=\"https:\/\/cop30.pactoglobal.org.br\/wp-content\/uploads\/2026\/01\/BK0B0070-1-1568x1045.jpg\" class=\"card-img-top img-fluid wp-post-image\" alt=\"\" srcset=\"https:\/\/cop30.pactoglobal.org.br\/wp-content\/uploads\/2026\/01\/BK0B0070-1-1568x1045.jpg 1568w, https:\/\/cop30.pactoglobal.org.br\/wp-content\/uploads\/2026\/01\/BK0B0070-1-300x200.jpg 300w, https:\/\/cop30.pactoglobal.org.br\/wp-content\/uploads\/2026\/01\/BK0B0070-1-1024x683.jpg 1024w, https:\/\/cop30.pactoglobal.org.br\/wp-content\/uploads\/2026\/01\/BK0B0070-1-768x512.jpg 768w, https:\/\/cop30.pactoglobal.org.br\/wp-content\/uploads\/2026\/01\/BK0B0070-1-1536x1024.jpg 1536w, https:\/\/cop30.pactoglobal.org.br\/wp-content\/uploads\/2026\/01\/BK0B0070-1-2048x1365.jpg 2048w\" sizes=\"(max-width: 1568px) 100vw, 1568px\" style=\"width:100%;height:66.68%;max-width:2560px;\" \/>                                        <span class=\"view\">Read<\/span>\r\n                                    <\/a>\r\n                                                                <div class=\"card-body\">\r\n                                    <span class=\"label\"<a href=\"https:\/\/cop30.pactoglobal.org.br\/index.php\/en\/category\/cop30-en\/\" rel=\"category tag\">COP30<\/a><\/span>                                    <h5 class=\"card-title\"><a href=\"https:\/\/cop30.pactoglobal.org.br\/index.php\/en\/2026\/02\/03\/beyond-belem-when-the-amazon-became-the-center-of-decisions-about-the-future\/\">Beyond Bel\u00e9m: when the Amazon became the center of decisions about the future<\/a><\/h5>                                    <p class=\"card-desc\">S\u00e3o Paulo, November 2025 \u2013 At the event &#8220;Beyond Bel\u00e9m: The Legacy of COP30,&#8221; held on Monday the 17th, global leaders, experts, and Amazonian representatives convened to discuss new ways&hellip;<\/p>\r\n                                    <a class=\"blog-btn\" href=\"https:\/\/cop30.pactoglobal.org.br\/index.php\/en\/2026\/02\/03\/beyond-belem-when-the-amazon-became-the-center-of-decisions-about-the-future\/\">Continue reading<\/a>\r\n                                <\/div>\r\n                            <\/div>\r\n                        <\/div>\r\n                                            <div class=\"col col-md-6 col-lg-4 aos-init aos-animate\" data-aos=\"fade-up\" data-aos-duration=\"800\">\r\n                            <div class=\"card h-100 border-0\">\r\n                                                                    <a class=\"card-thumb item-thumb overflow-hidden\" href=\"https:\/\/cop30.pactoglobal.org.br\/index.php\/2026\/02\/03\/vivencia-na-amazonia-aproxima-equipe-do-pacto-global-da-onu-rede-brasil-e-convidados-da-profundidade-da-floresta\/\">\r\n                                        <img loading=\"lazy\" decoding=\"async\" width=\"1568\" height=\"1045\" src=\"https:\/\/cop30.pactoglobal.org.br\/wp-content\/uploads\/2026\/01\/BK0B0493-1568x1045.jpg\" class=\"card-img-top img-fluid wp-post-image\" alt=\"\" srcset=\"https:\/\/cop30.pactoglobal.org.br\/wp-content\/uploads\/2026\/01\/BK0B0493-1568x1045.jpg 1568w, https:\/\/cop30.pactoglobal.org.br\/wp-content\/uploads\/2026\/01\/BK0B0493-300x200.jpg 300w, https:\/\/cop30.pactoglobal.org.br\/wp-content\/uploads\/2026\/01\/BK0B0493-1024x683.jpg 1024w, https:\/\/cop30.pactoglobal.org.br\/wp-content\/uploads\/2026\/01\/BK0B0493-768x512.jpg 768w, https:\/\/cop30.pactoglobal.org.br\/wp-content\/uploads\/2026\/01\/BK0B0493-1536x1024.jpg 1536w, https:\/\/cop30.pactoglobal.org.br\/wp-content\/uploads\/2026\/01\/BK0B0493-2048x1365.jpg 2048w\" sizes=\"(max-width: 1568px) 100vw, 1568px\" style=\"width:100%;height:66.68%;max-width:2560px;\" \/>                                        <span class=\"view\">Read<\/span>\r\n                                    <\/a>\r\n                                                                <div class=\"card-body\">\r\n                                    <span class=\"label\"<a href=\"https:\/\/cop30.pactoglobal.org.br\/index.php\/category\/cop30\/\" rel=\"category tag\">COP30<\/a><\/span>                                    <h5 class=\"card-title\"><a href=\"https:\/\/cop30.pactoglobal.org.br\/index.php\/2026\/02\/03\/vivencia-na-amazonia-aproxima-equipe-do-pacto-global-da-onu-rede-brasil-e-convidados-da-profundidade-da-floresta\/\">Viv\u00eancia na Amaz\u00f4nia aproxima equipe do Pacto Global da ONU \u2013 Rede Brasil e convidados da profundidade da floresta<\/a><\/h5>                                    <p class=\"card-desc\">A equipe do Pacto Global da ONU \u2013 Rede Brasil e seus convidados viveram uma imers\u00e3o singular nas margens da Ba\u00eda do Guajar\u00e1, passando pela ilha do Combu e pela&hellip;<\/p>\r\n                                    <a class=\"blog-btn\" href=\"https:\/\/cop30.pactoglobal.org.br\/index.php\/2026\/02\/03\/vivencia-na-amazonia-aproxima-equipe-do-pacto-global-da-onu-rede-brasil-e-convidados-da-profundidade-da-floresta\/\">Continue reading<\/a>\r\n                                <\/div>\r\n                            <\/div>\r\n                        <\/div>\r\n                                            <div class=\"col col-md-6 col-lg-4 aos-init aos-animate\" data-aos=\"fade-up\" data-aos-duration=\"800\">\r\n                            <div class=\"card h-100 border-0\">\r\n                                                                    <a class=\"card-thumb item-thumb overflow-hidden\" href=\"https:\/\/cop30.pactoglobal.org.br\/index.php\/2026\/02\/03\/implementacao-em-foco-pacto-global-transforma-presenca-na-cop30-em-entregas-e-articulacao-estrategica\/\">\r\n                                        <img loading=\"lazy\" decoding=\"async\" width=\"1568\" height=\"1045\" src=\"https:\/\/cop30.pactoglobal.org.br\/wp-content\/uploads\/2026\/01\/BK0B9021-1-1568x1045.jpg\" class=\"card-img-top img-fluid wp-post-image\" alt=\"\" srcset=\"https:\/\/cop30.pactoglobal.org.br\/wp-content\/uploads\/2026\/01\/BK0B9021-1-1568x1045.jpg 1568w, https:\/\/cop30.pactoglobal.org.br\/wp-content\/uploads\/2026\/01\/BK0B9021-1-300x200.jpg 300w, https:\/\/cop30.pactoglobal.org.br\/wp-content\/uploads\/2026\/01\/BK0B9021-1-1024x683.jpg 1024w, https:\/\/cop30.pactoglobal.org.br\/wp-content\/uploads\/2026\/01\/BK0B9021-1-768x512.jpg 768w, https:\/\/cop30.pactoglobal.org.br\/wp-content\/uploads\/2026\/01\/BK0B9021-1-1536x1024.jpg 1536w, https:\/\/cop30.pactoglobal.org.br\/wp-content\/uploads\/2026\/01\/BK0B9021-1-2048x1365.jpg 2048w\" sizes=\"(max-width: 1568px) 100vw, 1568px\" style=\"width:100%;height:66.64%;max-width:2560px;\" \/>                                        <span class=\"view\">Read<\/span>\r\n                                    <\/a>\r\n                                                                <div class=\"card-body\">\r\n                                    <span class=\"label\"<a href=\"https:\/\/cop30.pactoglobal.org.br\/index.php\/category\/cop30\/\" rel=\"category tag\">COP30<\/a><\/span>                                    <h5 class=\"card-title\"><a href=\"https:\/\/cop30.pactoglobal.org.br\/index.php\/2026\/02\/03\/implementacao-em-foco-pacto-global-transforma-presenca-na-cop30-em-entregas-e-articulacao-estrategica\/\">Implementa\u00e7\u00e3o em foco: Pacto Global transforma presen\u00e7a na COP30 em entregas e articula\u00e7\u00e3o estrat\u00e9gica<\/a><\/h5>                                    <p class=\"card-desc\">O Pacto esteve presente em pain\u00e9is, encontros, debates t\u00e9cnicos e agendas paralelas que refor\u00e7aram sua atua\u00e7\u00e3o transversal na agenda clim\u00e1tica e seu papel como articuladora entre empresas, governos, ci\u00eancia e&hellip;<\/p>\r\n                                    <a class=\"blog-btn\" href=\"https:\/\/cop30.pactoglobal.org.br\/index.php\/2026\/02\/03\/implementacao-em-foco-pacto-global-transforma-presenca-na-cop30-em-entregas-e-articulacao-estrategica\/\">Continue reading<\/a>\r\n                                <\/div>\r\n                            <\/div>\r\n                        <\/div>\r\n                                            <div class=\"col col-md-6 col-lg-4 aos-init aos-animate\" data-aos=\"fade-up\" data-aos-duration=\"800\">\r\n                            <div class=\"card h-100 border-0\">\r\n                                                                    <a class=\"card-thumb item-thumb overflow-hidden\" href=\"https:\/\/cop30.pactoglobal.org.br\/index.php\/2026\/02\/02\/para-alem-de-belem-quando-a-amazonia-virou-o-centro-das-decisoes-sobre-o-futuro\/\">\r\n                                        <img loading=\"lazy\" decoding=\"async\" width=\"1568\" height=\"1045\" src=\"https:\/\/cop30.pactoglobal.org.br\/wp-content\/uploads\/2026\/01\/BK0B0070-1568x1045.jpg\" class=\"card-img-top img-fluid wp-post-image\" alt=\"\" srcset=\"https:\/\/cop30.pactoglobal.org.br\/wp-content\/uploads\/2026\/01\/BK0B0070-1568x1045.jpg 1568w, https:\/\/cop30.pactoglobal.org.br\/wp-content\/uploads\/2026\/01\/BK0B0070-300x200.jpg 300w, https:\/\/cop30.pactoglobal.org.br\/wp-content\/uploads\/2026\/01\/BK0B0070-1024x683.jpg 1024w, https:\/\/cop30.pactoglobal.org.br\/wp-content\/uploads\/2026\/01\/BK0B0070-768x512.jpg 768w, https:\/\/cop30.pactoglobal.org.br\/wp-content\/uploads\/2026\/01\/BK0B0070-1536x1024.jpg 1536w, https:\/\/cop30.pactoglobal.org.br\/wp-content\/uploads\/2026\/01\/BK0B0070-2048x1365.jpg 2048w\" sizes=\"(max-width: 1568px) 100vw, 1568px\" style=\"width:100%;height:66.68%;max-width:2560px;\" \/>                                        <span class=\"view\">Read<\/span>\r\n                                    <\/a>\r\n                                                                <div class=\"card-body\">\r\n                                    <span class=\"label\"<a href=\"https:\/\/cop30.pactoglobal.org.br\/index.php\/category\/cop30\/\" rel=\"category tag\">COP30<\/a><\/span>                                    <h5 class=\"card-title\"><a href=\"https:\/\/cop30.pactoglobal.org.br\/index.php\/2026\/02\/02\/para-alem-de-belem-quando-a-amazonia-virou-o-centro-das-decisoes-sobre-o-futuro\/\">Para al\u00e9m de Bel\u00e9m: quando a Amaz\u00f4nia virou o centro das decis\u00f5es sobre o futuro<\/a><\/h5>                                    <p class=\"card-desc\">S\u00e3o Paulo, novembro de 2025 \u2013 No evento \u201cPara al\u00e9m de Bel\u00e9m: o legado da COP30\u201d, realizado na segunda-feira, 17, lideran\u00e7as globais, especialistas e representantes amaz\u00f4nicos reuniram-se para discutir novas&hellip;<\/p>\r\n                                    <a class=\"blog-btn\" href=\"https:\/\/cop30.pactoglobal.org.br\/index.php\/2026\/02\/02\/para-alem-de-belem-quando-a-amazonia-virou-o-centro-das-decisoes-sobre-o-futuro\/\">Continue reading<\/a>\r\n                                <\/div>\r\n                            <\/div>\r\n                        <\/div>\r\n                                            <div class=\"col col-md-6 col-lg-4 aos-init aos-animate\" data-aos=\"fade-up\" data-aos-duration=\"800\">\r\n                            <div class=\"card h-100 border-0\">\r\n                                                                    <a class=\"card-thumb item-thumb overflow-hidden\" href=\"https:\/\/cop30.pactoglobal.org.br\/index.php\/en\/2026\/01\/30\/un-global-compact-network-brazil-launches-business-guide-during-cop30\/\">\r\n                                        <img loading=\"lazy\" decoding=\"async\" width=\"817\" height=\"546\" src=\"https:\/\/cop30.pactoglobal.org.br\/wp-content\/uploads\/2026\/01\/Screenshot-1.png\" class=\"card-img-top img-fluid wp-post-image\" alt=\"\" srcset=\"https:\/\/cop30.pactoglobal.org.br\/wp-content\/uploads\/2026\/01\/Screenshot-1.png 817w, https:\/\/cop30.pactoglobal.org.br\/wp-content\/uploads\/2026\/01\/Screenshot-1-300x200.png 300w, https:\/\/cop30.pactoglobal.org.br\/wp-content\/uploads\/2026\/01\/Screenshot-1-768x513.png 768w\" sizes=\"(max-width: 817px) 100vw, 817px\" style=\"width:100%;height:66.83%;max-width:817px;\" \/>                                        <span class=\"view\">Read<\/span>\r\n                                    <\/a>\r\n                                                                <div class=\"card-body\">\r\n                                    <span class=\"label\"<a href=\"https:\/\/cop30.pactoglobal.org.br\/index.php\/en\/category\/cop30-en\/\" rel=\"category tag\">COP30<\/a><\/span>                                    <h5 class=\"card-title\"><a href=\"https:\/\/cop30.pactoglobal.org.br\/index.php\/en\/2026\/01\/30\/un-global-compact-network-brazil-launches-business-guide-during-cop30\/\">UN Global Compact Network Brazil launches business guide during COP30<\/a><\/h5>                                    <p class=\"card-desc\">The UN Global Compact Network Brazil launched today, in the Green Zone of COP30 in Bel\u00e9m, the Business Guide to Combating Marine Litter, developed by the Blue Keepers program, alongside&hellip;<\/p>\r\n                                    <a class=\"blog-btn\" href=\"https:\/\/cop30.pactoglobal.org.br\/index.php\/en\/2026\/01\/30\/un-global-compact-network-brazil-launches-business-guide-during-cop30\/\">Continue reading<\/a>\r\n                                <\/div>\r\n                            <\/div>\r\n                        <\/div>\r\n                                            <div class=\"col col-md-6 col-lg-4 aos-init aos-animate\" data-aos=\"fade-up\" data-aos-duration=\"800\">\r\n                            <div class=\"card h-100 border-0\">\r\n                                                                    <a class=\"card-thumb item-thumb overflow-hidden\" href=\"https:\/\/cop30.pactoglobal.org.br\/index.php\/en\/2026\/01\/30\/un-global-compact-network-brazil-launches-guide-and-position-paper-to-promote-regenerative-agriculture-at-cop30\/\">\r\n                                        <img loading=\"lazy\" decoding=\"async\" width=\"1568\" height=\"1045\" src=\"https:\/\/cop30.pactoglobal.org.br\/wp-content\/uploads\/2026\/01\/BK0B6161-1-1568x1045.jpg\" class=\"card-img-top img-fluid wp-post-image\" alt=\"\" srcset=\"https:\/\/cop30.pactoglobal.org.br\/wp-content\/uploads\/2026\/01\/BK0B6161-1-1568x1045.jpg 1568w, https:\/\/cop30.pactoglobal.org.br\/wp-content\/uploads\/2026\/01\/BK0B6161-1-300x200.jpg 300w, https:\/\/cop30.pactoglobal.org.br\/wp-content\/uploads\/2026\/01\/BK0B6161-1-1024x683.jpg 1024w, https:\/\/cop30.pactoglobal.org.br\/wp-content\/uploads\/2026\/01\/BK0B6161-1-768x512.jpg 768w, https:\/\/cop30.pactoglobal.org.br\/wp-content\/uploads\/2026\/01\/BK0B6161-1-1536x1024.jpg 1536w, https:\/\/cop30.pactoglobal.org.br\/wp-content\/uploads\/2026\/01\/BK0B6161-1-2048x1365.jpg 2048w\" sizes=\"(max-width: 1568px) 100vw, 1568px\" style=\"width:100%;height:66.68%;max-width:2560px;\" \/>                                        <span class=\"view\">Read<\/span>\r\n                                    <\/a>\r\n                                                                <div class=\"card-body\">\r\n                                    <span class=\"label\"<a href=\"https:\/\/cop30.pactoglobal.org.br\/index.php\/en\/category\/cop30-en\/\" rel=\"category tag\">COP30<\/a><\/span>                                    <h5 class=\"card-title\"><a href=\"https:\/\/cop30.pactoglobal.org.br\/index.php\/en\/2026\/01\/30\/un-global-compact-network-brazil-launches-guide-and-position-paper-to-promote-regenerative-agriculture-at-cop30\/\">UN Global Compact Network Brazil launches guide and position paper to promote regenerative agriculture at COP30<\/a><\/h5>                                    <p class=\"card-desc\">S\u00e3o Paulo, November 2025 \u2013 During COP30, the UN Global Compact Network Brazil launched two key deliverables aimed at advancing sustainable practices in agribusiness: the Guide to Accessing Financing for&hellip;<\/p>\r\n                                    <a class=\"blog-btn\" href=\"https:\/\/cop30.pactoglobal.org.br\/index.php\/en\/2026\/01\/30\/un-global-compact-network-brazil-launches-guide-and-position-paper-to-promote-regenerative-agriculture-at-cop30\/\">Continue reading<\/a>\r\n                                <\/div>\r\n                            <\/div>\r\n                        <\/div>\r\n                                            <div class=\"col col-md-6 col-lg-4 aos-init aos-animate\" data-aos=\"fade-up\" data-aos-duration=\"800\">\r\n                            <div class=\"card h-100 border-0\">\r\n                                                                    <a class=\"card-thumb item-thumb overflow-hidden\" href=\"https:\/\/cop30.pactoglobal.org.br\/index.php\/2026\/01\/30\/pacto-global-da-onu-rede-brasil-lanca-guia-e-documento-de-posicionamento-para-impulsionar-agricultura-regenerativa-na-cop30\/\">\r\n                                        <img loading=\"lazy\" decoding=\"async\" width=\"1568\" height=\"1045\" src=\"https:\/\/cop30.pactoglobal.org.br\/wp-content\/uploads\/2026\/01\/BK0B6161-1568x1045.jpg\" class=\"card-img-top img-fluid wp-post-image\" alt=\"\" srcset=\"https:\/\/cop30.pactoglobal.org.br\/wp-content\/uploads\/2026\/01\/BK0B6161-1568x1045.jpg 1568w, https:\/\/cop30.pactoglobal.org.br\/wp-content\/uploads\/2026\/01\/BK0B6161-300x200.jpg 300w, https:\/\/cop30.pactoglobal.org.br\/wp-content\/uploads\/2026\/01\/BK0B6161-1024x683.jpg 1024w, https:\/\/cop30.pactoglobal.org.br\/wp-content\/uploads\/2026\/01\/BK0B6161-768x512.jpg 768w, https:\/\/cop30.pactoglobal.org.br\/wp-content\/uploads\/2026\/01\/BK0B6161-1536x1024.jpg 1536w, https:\/\/cop30.pactoglobal.org.br\/wp-content\/uploads\/2026\/01\/BK0B6161-2048x1365.jpg 2048w\" sizes=\"(max-width: 1568px) 100vw, 1568px\" style=\"width:100%;height:66.68%;max-width:2560px;\" \/>                                        <span class=\"view\">Read<\/span>\r\n                                    <\/a>\r\n                                                                <div class=\"card-body\">\r\n                                    <span class=\"label\"<a href=\"https:\/\/cop30.pactoglobal.org.br\/index.php\/category\/cop30\/\" rel=\"category tag\">COP30<\/a><\/span>                                    <h5 class=\"card-title\"><a href=\"https:\/\/cop30.pactoglobal.org.br\/index.php\/2026\/01\/30\/pacto-global-da-onu-rede-brasil-lanca-guia-e-documento-de-posicionamento-para-impulsionar-agricultura-regenerativa-na-cop30\/\">Pacto Global da ONU \u2013 Rede Brasil lan\u00e7a guia e documento de posicionamento para impulsionar agricultura regenerativa na COP30<\/a><\/h5>                                    <p class=\"card-desc\">S\u00e3o Paulo, novembro de 2025 \u2013 Durante a COP30, o Pacto Global da ONU- Rede Brasil lan\u00e7ou duas entregas voltadas ao avan\u00e7o de pr\u00e1ticas sustent\u00e1veis no agroneg\u00f3cio: o Guia de&hellip;<\/p>\r\n                                    <a class=\"blog-btn\" href=\"https:\/\/cop30.pactoglobal.org.br\/index.php\/2026\/01\/30\/pacto-global-da-onu-rede-brasil-lanca-guia-e-documento-de-posicionamento-para-impulsionar-agricultura-regenerativa-na-cop30\/\">Continue reading<\/a>\r\n                                <\/div>\r\n                            <\/div>\r\n                        <\/div>\r\n                                            <div class=\"col col-md-6 col-lg-4 aos-init aos-animate\" data-aos=\"fade-up\" data-aos-duration=\"800\">\r\n                            <div class=\"card h-100 border-0\">\r\n                                                                    <a class=\"card-thumb item-thumb overflow-hidden\" href=\"https:\/\/cop30.pactoglobal.org.br\/index.php\/en\/2026\/01\/30\/brazil-will-need-to-invest-more-than-r-3-trillion-to-eliminate-emissions-in-road-freight-transport-by-2050-study-shows\/\">\r\n                                        <img loading=\"lazy\" decoding=\"async\" width=\"1568\" height=\"1045\" src=\"https:\/\/cop30.pactoglobal.org.br\/wp-content\/uploads\/2026\/01\/BK0B7533-1-1568x1045.jpg\" class=\"card-img-top img-fluid wp-post-image\" alt=\"\" srcset=\"https:\/\/cop30.pactoglobal.org.br\/wp-content\/uploads\/2026\/01\/BK0B7533-1-1568x1045.jpg 1568w, https:\/\/cop30.pactoglobal.org.br\/wp-content\/uploads\/2026\/01\/BK0B7533-1-300x200.jpg 300w, https:\/\/cop30.pactoglobal.org.br\/wp-content\/uploads\/2026\/01\/BK0B7533-1-1024x683.jpg 1024w, https:\/\/cop30.pactoglobal.org.br\/wp-content\/uploads\/2026\/01\/BK0B7533-1-768x512.jpg 768w, https:\/\/cop30.pactoglobal.org.br\/wp-content\/uploads\/2026\/01\/BK0B7533-1-1536x1024.jpg 1536w, https:\/\/cop30.pactoglobal.org.br\/wp-content\/uploads\/2026\/01\/BK0B7533-1-2048x1365.jpg 2048w\" sizes=\"(max-width: 1568px) 100vw, 1568px\" style=\"width:100%;height:66.68%;max-width:2560px;\" \/>                                        <span class=\"view\">Read<\/span>\r\n                                    <\/a>\r\n                                                                <div class=\"card-body\">\r\n                                    <span class=\"label\"<a href=\"https:\/\/cop30.pactoglobal.org.br\/index.php\/en\/category\/transport\/\" rel=\"category tag\">Transport<\/a><\/span>                                    <h5 class=\"card-title\"><a href=\"https:\/\/cop30.pactoglobal.org.br\/index.php\/en\/2026\/01\/30\/brazil-will-need-to-invest-more-than-r-3-trillion-to-eliminate-emissions-in-road-freight-transport-by-2050-study-shows\/\">Brazil will need to invest more than R$ 3 trillion to eliminate emissions in road freight transport by 2050, study shows<\/a><\/h5>                                    <p class=\"card-desc\">S\u00e3o Paulo, November 13, 2025 \u2013 Decarbonizing road freight transport in Brazil, essential for meeting the goals of the Paris Agreement, is projected to require approximately R$ 3.42 trillion in&hellip;<\/p>\r\n                                    <a class=\"blog-btn\" href=\"https:\/\/cop30.pactoglobal.org.br\/index.php\/en\/2026\/01\/30\/brazil-will-need-to-invest-more-than-r-3-trillion-to-eliminate-emissions-in-road-freight-transport-by-2050-study-shows\/\">Continue reading<\/a>\r\n                                <\/div>\r\n                            <\/div>\r\n                        <\/div>\r\n                                        <!-- end of the loop -->\r\n                <\/div>\r\n                            \r\n        <\/div>\r\n\r\n    <\/div>\r\n    <\/section>\r\n<!-- about sec end -->\r\n\t\t\t\t<\/div>\n\t\t\t\t<\/div>\n\t\t\t\t<div class=\"elementor-element elementor-element-c2bbc18 mb-0 elementor-widget elementor-widget-event_gallery\" data-id=\"c2bbc18\" data-element_type=\"widget\" data-widget_type=\"event_gallery.default\">\n\t\t\t\t<div class=\"elementor-widget-container\">\n\t\t\t\t\t<!-- about sec start -->\r\n<section class=\"event-gallery gallery-sec position-relative bg-image\" data-aos=\"fade-up\" data-aos-duration=\"1200\">\r\n    <div class=\"container-fluid\">\r\n        \r\n        <div class=\"col-xl-8 section-head text-center m-auto mb-5\">\r\n            <span class=\"label\">\\\\\\ Explore our gallery \/\/\/<\/span>                                <\/div>\r\n\r\n                <div class=\"image-gallery-wrap zoom-gallery d-flex justify-content-center align-items-center\">\r\n            <div class=\"row justify-content-center g-4\">\r\n                \r\n                                    <div class=\"col-md-6 col-lg-4\">\r\n                        <div class=\"image-gallery-item\" data-aos=\"fade-up\" data-aos-duration=\"1000\">\r\n                            <a class=\"item-thumb image-link\" href=\"https:\/\/homologcop30.pactoglobal.org.br\/wp-content\/uploads\/2024\/11\/1.png\">\r\n                                <img decoding=\"async\" src=\"https:\/\/homologcop30.pactoglobal.org.br\/wp-content\/uploads\/2024\/11\/1.png\" alt=\"Image 1\"> \r\n                                <span class=\"view\">See<\/span>\r\n                            <\/a>\r\n                            \r\n                        <\/div>\r\n                    <\/div>\r\n                \r\n                                    <div class=\"col-md-6 col-lg-4\">\r\n                        <div class=\"image-gallery-item\" data-aos=\"fade-up\" data-aos-duration=\"1000\">\r\n                            <a class=\"item-thumb image-link\" href=\"https:\/\/homologcop30.pactoglobal.org.br\/wp-content\/uploads\/2024\/11\/8.png\">\r\n                                <img decoding=\"async\" src=\"https:\/\/homologcop30.pactoglobal.org.br\/wp-content\/uploads\/2024\/11\/8.png\" alt=\"Image 1\"> \r\n                                <span class=\"view\">See<\/span>\r\n                            <\/a>\r\n                            \r\n                        <\/div>\r\n                    <\/div>\r\n                \r\n                                    <div class=\"col-md-6 col-lg-4\">\r\n                        <div class=\"image-gallery-item\" data-aos=\"fade-up\" data-aos-duration=\"1000\">\r\n                            <a class=\"item-thumb image-link\" href=\"https:\/\/homologcop30.pactoglobal.org.br\/wp-content\/uploads\/2024\/11\/9.png\">\r\n                                <img decoding=\"async\" src=\"https:\/\/homologcop30.pactoglobal.org.br\/wp-content\/uploads\/2024\/11\/9.png\" alt=\"Image 1\"> \r\n                                <span class=\"view\">See<\/span>\r\n                            <\/a>\r\n                            \r\n                        <\/div>\r\n                    <\/div>\r\n                \r\n                                    <div class=\"col-md-6 col-lg-4\">\r\n                        <div class=\"image-gallery-item\" data-aos=\"fade-up\" data-aos-duration=\"1000\">\r\n                            <a class=\"item-thumb image-link\" href=\"https:\/\/homologcop30.pactoglobal.org.br\/wp-content\/uploads\/2024\/11\/6.png\">\r\n                                <img decoding=\"async\" src=\"https:\/\/homologcop30.pactoglobal.org.br\/wp-content\/uploads\/2024\/11\/6.png\" alt=\"Image 1\"> \r\n                                <span class=\"view\">See<\/span>\r\n                            <\/a>\r\n                            \r\n                        <\/div>\r\n                    <\/div>\r\n                \r\n                                    <div class=\"col-md-6 col-lg-4\">\r\n                        <div class=\"image-gallery-item\" data-aos=\"fade-up\" data-aos-duration=\"1000\">\r\n                            <a class=\"item-thumb image-link\" href=\"https:\/\/homologcop30.pactoglobal.org.br\/wp-content\/uploads\/2024\/11\/4.png\">\r\n                                <img decoding=\"async\" src=\"https:\/\/homologcop30.pactoglobal.org.br\/wp-content\/uploads\/2024\/11\/4.png\" alt=\"Image 1\"> \r\n                                <span class=\"view\">See<\/span>\r\n                            <\/a>\r\n                            \r\n                        <\/div>\r\n                    <\/div>\r\n                \r\n                                    <div class=\"col-md-6 col-lg-4\">\r\n                        <div class=\"image-gallery-item\" data-aos=\"fade-up\" data-aos-duration=\"1000\">\r\n                            <a class=\"item-thumb image-link\" href=\"https:\/\/homologcop30.pactoglobal.org.br\/wp-content\/uploads\/2024\/11\/3.png\">\r\n                                <img decoding=\"async\" src=\"https:\/\/homologcop30.pactoglobal.org.br\/wp-content\/uploads\/2024\/11\/3.png\" alt=\"Image 1\"> \r\n                                <span class=\"view\">See<\/span>\r\n                            <\/a>\r\n                            \r\n                        <\/div>\r\n                    <\/div>\r\n                \r\n                                    <div class=\"col-md-6 col-lg-4\">\r\n                        <div class=\"image-gallery-item\" data-aos=\"fade-up\" data-aos-duration=\"1000\">\r\n                            <a class=\"item-thumb image-link\" href=\"https:\/\/homologcop30.pactoglobal.org.br\/wp-content\/uploads\/2024\/11\/5.png\">\r\n                                <img decoding=\"async\" src=\"https:\/\/homologcop30.pactoglobal.org.br\/wp-content\/uploads\/2024\/11\/5.png\" alt=\"Image 1\"> \r\n                                <span class=\"view\">See<\/span>\r\n                            <\/a>\r\n                            \r\n                        <\/div>\r\n                    <\/div>\r\n                \r\n                                    <div class=\"col-md-6 col-lg-4\">\r\n                        <div class=\"image-gallery-item\" data-aos=\"fade-up\" data-aos-duration=\"1000\">\r\n                            <a class=\"item-thumb image-link\" href=\"https:\/\/homologcop30.pactoglobal.org.br\/wp-content\/uploads\/2024\/11\/2.png\">\r\n                                <img decoding=\"async\" src=\"https:\/\/homologcop30.pactoglobal.org.br\/wp-content\/uploads\/2024\/11\/2.png\" alt=\"Image 1\"> \r\n                                <span class=\"view\">See<\/span>\r\n                            <\/a>\r\n                            \r\n                        <\/div>\r\n                    <\/div>\r\n                \r\n                                    <div class=\"col-md-6 col-lg-4\">\r\n                        <div class=\"image-gallery-item\" data-aos=\"fade-up\" data-aos-duration=\"1000\">\r\n                            <a class=\"item-thumb image-link\" href=\"https:\/\/homologcop30.pactoglobal.org.br\/wp-content\/uploads\/2024\/11\/7.png\">\r\n                                <img decoding=\"async\" src=\"https:\/\/homologcop30.pactoglobal.org.br\/wp-content\/uploads\/2024\/11\/7.png\" alt=\"Image 1\"> \r\n                                <span class=\"view\">See<\/span>\r\n                            <\/a>\r\n                            \r\n                        <\/div>\r\n                    <\/div>\r\n                \r\n                            <\/div>    \r\n            \r\n        <\/div>\r\n        \r\n        \r\n                    \r\n    <\/div>\r\n<\/section>\r\n<!-- about sec end -->\r\n\r\n\t\t\t\t<\/div>\n\t\t\t\t<\/div>\n\t\t\t\t<div class=\"elementor-element elementor-element-ff27bc4 mb-0 elementor-hidden-desktop elementor-hidden-tablet elementor-hidden-mobile elementor-widget elementor-widget-event_speakers\" data-id=\"ff27bc4\" data-element_type=\"widget\" data-widget_type=\"event_speakers.default\">\n\t\t\t\t<div class=\"elementor-widget-container\">\n\t\t\t\t\t<!-- about sec start -->\r\n<section id=\"speakers\" class=\"event-speakers speakers-gallery-sec position-relative\">\r\n    <div class=\"container\">\r\n        <div class=\"section-head col-xl-9 m-auto text-center mb-5\">\r\n            <span class=\"label\"> Meet Our Experts, and Speakers <\/span>            <h2 class=\"title sec_title mb-4\">Meet our fantastic speakers from around the <br \/>\nglobe and join in with live debates &amp; events <\/h2>                    <\/div>\r\n\r\n                    <div class=\"speakers-gallery-items-wrap\">\r\n                <div class=\"row justify-content-center g-4\">\r\n                                            <div class=\"col-md-6 col-lg-4 col-xl-3\">\r\n                            <div class=\"speakers-gallery-item\" data-aos=\"fade-up\" data-aos-easing=\"linear\" data-aos-duration=\"400\">\r\n                                <div class=\"speakers-gallery-item-thumb overflow-hidden position-relative\">\r\n                                    <img decoding=\"async\" src=\"https:\/\/jthemes.net\/themes\/wp\/eventor\/wp-content\/themes\/eventor\/assets\/images\/gallery\/gallery1.jpg\" alt=\"Stella Smith\">\r\n                                <\/div>\r\n                                                                    <div class=\"\">\r\n                                        <ul class=\"social-icons social align-items-center justify-content-center ps-0\">\r\n                                            <li><a href=\"#\" target=\"_blank\"><i class=\"fab fa-facebook-f\"><\/i><\/a><\/li><li><a href=\"#\" target=\"_blank\"><i class=\"fab fa-linkedin-in\"><\/i><\/a><\/li><li><a href=\"#\" target=\"_blank\"><i class=\"fab fa-twitter\"><\/i><\/a><\/li>\r\n                                        <\/ul>\r\n                                    <\/div>\r\n                                                                <div class=\"item-content\">\r\n                                    <h3 class=\"title\">Stella Smith<\/h3>                                    <span class=\"sub designation\">Eventor Live Max<\/span>                                <\/div>\r\n                            <\/div>\r\n                        <\/div>\r\n\r\n                                            <div class=\"col-md-6 col-lg-4 col-xl-3\">\r\n                            <div class=\"speakers-gallery-item\" data-aos=\"fade-up\" data-aos-easing=\"linear\" data-aos-duration=\"400\">\r\n                                <div class=\"speakers-gallery-item-thumb overflow-hidden position-relative\">\r\n                                    <img decoding=\"async\" src=\"https:\/\/jthemes.net\/themes\/wp\/eventor\/wp-content\/themes\/eventor\/assets\/images\/gallery\/gallery2.jpg\" alt=\"Stella Smith\">\r\n                                <\/div>\r\n                                                                    <div class=\"\">\r\n                                        <ul class=\"social-icons social align-items-center justify-content-center ps-0\">\r\n                                            <li><a href=\"#\" target=\"_blank\"><i class=\"fab fa-facebook-f\"><\/i><\/a><\/li><li><a href=\"#\" target=\"_blank\"><i class=\"fab fa-linkedin-in\"><\/i><\/a><\/li><li><a href=\"#\" target=\"_blank\"><i class=\"fab fa-twitter\"><\/i><\/a><\/li>\r\n                                        <\/ul>\r\n                                    <\/div>\r\n                                                                <div class=\"item-content\">\r\n                                    <h3 class=\"title\">Stella Smith<\/h3>                                    <span class=\"sub designation\">Eventor Live Max<\/span>                                <\/div>\r\n                            <\/div>\r\n                        <\/div>\r\n\r\n                                            <div class=\"col-md-6 col-lg-4 col-xl-3\">\r\n                            <div class=\"speakers-gallery-item\" data-aos=\"fade-up\" data-aos-easing=\"linear\" data-aos-duration=\"400\">\r\n                                <div class=\"speakers-gallery-item-thumb overflow-hidden position-relative\">\r\n                                    <img decoding=\"async\" src=\"https:\/\/jthemes.net\/themes\/wp\/eventor\/wp-content\/themes\/eventor\/assets\/images\/gallery\/gallery3.jpg\" alt=\"Stella Smith\">\r\n                                <\/div>\r\n                                                                    <div class=\"\">\r\n                                        <ul class=\"social-icons social align-items-center justify-content-center ps-0\">\r\n                                            <li><a href=\"#\" target=\"_blank\"><i class=\"fab fa-facebook-f\"><\/i><\/a><\/li><li><a href=\"#\" target=\"_blank\"><i class=\"fab fa-linkedin-in\"><\/i><\/a><\/li><li><a href=\"#\" target=\"_blank\"><i class=\"fab fa-twitter\"><\/i><\/a><\/li>\r\n                                        <\/ul>\r\n                                    <\/div>\r\n                                                                <div class=\"item-content\">\r\n                                    <h3 class=\"title\">Stella Smith<\/h3>                                    <span class=\"sub designation\">Eventor Live Max<\/span>                                <\/div>\r\n                            <\/div>\r\n                        <\/div>\r\n\r\n                                            <div class=\"col-md-6 col-lg-4 col-xl-3\">\r\n                            <div class=\"speakers-gallery-item\" data-aos=\"fade-up\" data-aos-easing=\"linear\" data-aos-duration=\"400\">\r\n                                <div class=\"speakers-gallery-item-thumb overflow-hidden position-relative\">\r\n                                    <img decoding=\"async\" src=\"https:\/\/jthemes.net\/themes\/wp\/eventor\/wp-content\/themes\/eventor\/assets\/images\/gallery\/gallery4.jpg\" alt=\"Stella Smith\">\r\n                                <\/div>\r\n                                                                    <div class=\"\">\r\n                                        <ul class=\"social-icons social align-items-center justify-content-center ps-0\">\r\n                                            <li><a href=\"#\" target=\"_blank\"><i class=\"fab fa-facebook-f\"><\/i><\/a><\/li><li><a href=\"#\" target=\"_blank\"><i class=\"fab fa-linkedin-in\"><\/i><\/a><\/li><li><a href=\"#\" target=\"_blank\"><i class=\"fab fa-twitter\"><\/i><\/a><\/li>\r\n                                        <\/ul>\r\n                                    <\/div>\r\n                                                                <div class=\"item-content\">\r\n                                    <h3 class=\"title\">Stella Smith<\/h3>                                    <span class=\"sub designation\">Eventor Live Max<\/span>                                <\/div>\r\n                            <\/div>\r\n                        <\/div>\r\n\r\n                    \r\n                <\/div>\r\n\r\n                                    <div class=\"dots img-moving-anim1\">\r\n                        <img decoding=\"async\" src=\"https:\/\/cop30.pactoglobal.org.br\/wp-content\/themes\/eventor\/assets\/images\/dots\/dots8.png\" alt=\"Shape Images\">\r\n                    <\/div>\r\n                            <\/div>\r\n            <\/div>\r\n            <div class=\"shape\"><img decoding=\"async\" src=\"https:\/\/cop30.pactoglobal.org.br\/wp-content\/themes\/eventor\/assets\/images\/shape\/3.svg\" alt=\"Shadow\"><\/div>\r\n    <\/section>\r\n<!-- about sec end -->\r\n    <div class=\"container\">\r\n        <hr>\r\n    <\/div>\r\n\t\t\t\t<\/div>\n\t\t\t\t<\/div>\n\t\t\t\t<div class=\"elementor-element elementor-element-b7afa8c mb-0 elementor-hidden-desktop elementor-hidden-tablet elementor-hidden-mobile elementor-widget elementor-widget-event_testimonials\" data-id=\"b7afa8c\" data-element_type=\"widget\" data-widget_type=\"event_testimonials.default\">\n\t\t\t\t<div class=\"elementor-widget-container\">\n\t\t\t\t\t<!-- about sec start -->\r\n<section class=\"event-testimonials review-sec position-relative bg-image\">\r\n    <div class=\"container\" data-aos=\"fade-down\" data-aos-easing=\"linear\" data-aos-duration=\"1000\">\r\n        <div class=\"col-12 col-md-10 col-lg-7 col-xl-7 mb-5\">\r\n                        <h2 class=\"review-title\">Join 3,500+ developers, engineers, <br \/>\ndesigners and executives <\/h2>                    <\/div>\r\n\r\n                    <div class=\"review-cards-wrap\">\r\n                <div class=\"review-card-items-wrap\">\r\n                                            <div class=\"review-card-item\">\r\n                            <p class=\"card-desc\">\u201cThank you for running the event so smoothly \u2013 I had a great time, not only presenting, but also watching other sessions and interacting with attendees.\u201d<\/p>\r\n                            <div class=\"profile\">\r\n                                                                    <div class=\"thumb\">\r\n                                        <img decoding=\"async\" src=\"https:\/\/jthemes.net\/themes\/wp\/eventor\/wp-content\/uploads\/2022\/12\/profile4.png\" alt=\"Stella Smith\">\r\n                                    <\/div>\r\n                                                                <div class=\"content\">\r\n                                    <h5 class=\"name mb-0\">Stella Smith<\/h5>                                    <span class=\"t-designation\">Eventor Live Max<\/span>                                <\/div>\r\n                            <\/div>\r\n                                                            <ul class=\"rating-star list-unstyled d-flex mb-1 gap-1\">\r\n                                    <li class=\"active\"><i class=\"fas fa-star\"><\/i><\/li><li class=\"active\"><i class=\"fas fa-star\"><\/i><\/li><li class=\"active\"><i class=\"fas fa-star\"><\/i><\/li><li class=\"active\"><i class=\"fas fa-star\"><\/i><\/li><li class=\"active\"><i class=\"fas fa-star\"><\/i><\/li>                                <\/ul>\r\n                                                        <span class=\"ratings_desc\">5\/5 Rating<\/span>                        <\/div>\r\n                                            <div class=\"review-card-item\">\r\n                            <p class=\"card-desc\">\u201cThank you for running the event so smoothly \u2013 I had a great time, not only presenting, but also watching other sessions and interacting with attendees.\u201d<\/p>\r\n                            <div class=\"profile\">\r\n                                                                    <div class=\"thumb\">\r\n                                        <img decoding=\"async\" src=\"https:\/\/jthemes.net\/themes\/wp\/eventor\/wp-content\/uploads\/2022\/12\/review3.png\" alt=\"Stella Smith\">\r\n                                    <\/div>\r\n                                                                <div class=\"content\">\r\n                                    <h5 class=\"name mb-0\">Stella Smith<\/h5>                                    <span class=\"t-designation\">Eventor Live Max<\/span>                                <\/div>\r\n                            <\/div>\r\n                                                            <ul class=\"rating-star list-unstyled d-flex mb-1 gap-1\">\r\n                                    <li class=\"active\"><i class=\"fas fa-star\"><\/i><\/li><li class=\"active\"><i class=\"fas fa-star\"><\/i><\/li><li class=\"active\"><i class=\"fas fa-star\"><\/i><\/li><li class=\"active\"><i class=\"fas fa-star\"><\/i><\/li><li class=\"active\"><i class=\"fas fa-star\"><\/i><\/li>                                <\/ul>\r\n                                                        <span class=\"ratings_desc\">5\/5 Rating<\/span>                        <\/div>\r\n                                            <div class=\"review-card-item\">\r\n                            <p class=\"card-desc\">\u201cThank you for running the event so smoothly \u2013 I had a great time, not only presenting, but also watching other sessions and interacting with attendees.\u201d<\/p>\r\n                            <div class=\"profile\">\r\n                                                                    <div class=\"thumb\">\r\n                                        <img decoding=\"async\" src=\"https:\/\/jthemes.net\/themes\/wp\/eventor\/wp-content\/uploads\/2022\/12\/profile4.png\" alt=\"Stella Smith\">\r\n                                    <\/div>\r\n                                                                <div class=\"content\">\r\n                                    <h5 class=\"name mb-0\">Stella Smith<\/h5>                                    <span class=\"t-designation\">Eventor Live Max<\/span>                                <\/div>\r\n                            <\/div>\r\n                                                            <ul class=\"rating-star list-unstyled d-flex mb-1 gap-1\">\r\n                                    <li class=\"active\"><i class=\"fas fa-star\"><\/i><\/li><li class=\"active\"><i class=\"fas fa-star\"><\/i><\/li><li class=\"active\"><i class=\"fas fa-star\"><\/i><\/li><li class=\"active\"><i class=\"fas fa-star\"><\/i><\/li>                                <\/ul>\r\n                                                        <span class=\"ratings_desc\">4\/5 Rating<\/span>                        <\/div>\r\n                                            <div class=\"review-card-item\">\r\n                            <p class=\"card-desc\">\u201cThank you for running the event so smoothly \u2013 I had a great time, not only presenting, but also watching other sessions and interacting with attendees.\u201d<\/p>\r\n                            <div class=\"profile\">\r\n                                                                    <div class=\"thumb\">\r\n                                        <img decoding=\"async\" src=\"https:\/\/jthemes.net\/themes\/wp\/eventor\/wp-content\/uploads\/2022\/12\/profile1.png\" alt=\"Stella Smith\">\r\n                                    <\/div>\r\n                                                                <div class=\"content\">\r\n                                    <h5 class=\"name mb-0\">Stella Smith<\/h5>                                    <span class=\"t-designation\">Eventor Live Max<\/span>                                <\/div>\r\n                            <\/div>\r\n                                                            <ul class=\"rating-star list-unstyled d-flex mb-1 gap-1\">\r\n                                    <li class=\"active\"><i class=\"fas fa-star\"><\/i><\/li><li class=\"active\"><i class=\"fas fa-star\"><\/i><\/li><li class=\"active\"><i class=\"fas fa-star\"><\/i><\/li><li class=\"active\"><i class=\"fas fa-star\"><\/i><\/li><li class=\"active\"><i class=\"fas fa-star\"><\/i><\/li>                                <\/ul>\r\n                                                        <span class=\"ratings_desc\">5\/5 Rating<\/span>                        <\/div>\r\n                                            <div class=\"review-card-item\">\r\n                            <p class=\"card-desc\">\u201cThank you for running the event so smoothly \u2013 I had a great time, not only presenting, but also watching other sessions and interacting with attendees.\u201d<\/p>\r\n                            <div class=\"profile\">\r\n                                                                    <div class=\"thumb\">\r\n                                        <img decoding=\"async\" src=\"https:\/\/jthemes.net\/themes\/wp\/eventor\/wp-content\/uploads\/2022\/12\/profile2.png\" alt=\"Stella Smith\">\r\n                                    <\/div>\r\n                                                                <div class=\"content\">\r\n                                    <h5 class=\"name mb-0\">Stella Smith<\/h5>                                    <span class=\"t-designation\">Eventor Live Max<\/span>                                <\/div>\r\n                            <\/div>\r\n                                                            <ul class=\"rating-star list-unstyled d-flex mb-1 gap-1\">\r\n                                    <li class=\"active\"><i class=\"fas fa-star\"><\/i><\/li><li class=\"active\"><i class=\"fas fa-star\"><\/i><\/li><li class=\"active\"><i class=\"fas fa-star\"><\/i><\/li><li class=\"active\"><i class=\"fas fa-star\"><\/i><\/li><li class=\"active\"><i class=\"fas fa-star\"><\/i><\/li>                                <\/ul>\r\n                                                        <span class=\"ratings_desc\">5\/5 Rating<\/span>                        <\/div>\r\n                                            <div class=\"review-card-item\">\r\n                            <p class=\"card-desc\">\u201cThank you for running the event so smoothly \u2013 I had a great time, not only presenting, but also watching other sessions and interacting with attendees.\u201d<\/p>\r\n                            <div class=\"profile\">\r\n                                                                    <div class=\"thumb\">\r\n                                        <img decoding=\"async\" src=\"https:\/\/jthemes.net\/themes\/wp\/eventor\/wp-content\/uploads\/2022\/12\/profile3.png\" alt=\"Stella Smith\">\r\n                                    <\/div>\r\n                                                                <div class=\"content\">\r\n                                    <h5 class=\"name mb-0\">Stella Smith<\/h5>                                    <span class=\"t-designation\">Eventor Live Max<\/span>                                <\/div>\r\n                            <\/div>\r\n                                                            <ul class=\"rating-star list-unstyled d-flex mb-1 gap-1\">\r\n                                    <li class=\"active\"><i class=\"fas fa-star\"><\/i><\/li><li class=\"active\"><i class=\"fas fa-star\"><\/i><\/li><li class=\"active\"><i class=\"fas fa-star\"><\/i><\/li><li class=\"active\"><i class=\"fas fa-star\"><\/i><\/li><li class=\"active\"><i class=\"fas fa-star\"><\/i><\/li>                                <\/ul>\r\n                                                        <span class=\"ratings_desc\">5\/5 Rating<\/span>                        <\/div>\r\n                                            <div class=\"review-card-item\">\r\n                            <p class=\"card-desc\">\u201cThank you for running the event so smoothly \u2013 I had a great time, not only presenting, but also watching other sessions and interacting with attendees.\u201d<\/p>\r\n                            <div class=\"profile\">\r\n                                                                    <div class=\"thumb\">\r\n                                        <img decoding=\"async\" src=\"https:\/\/jthemes.net\/themes\/wp\/eventor\/wp-content\/uploads\/2022\/12\/profile4.png\" alt=\"Stella Smith\">\r\n                                    <\/div>\r\n                                                                <div class=\"content\">\r\n                                    <h5 class=\"name mb-0\">Stella Smith<\/h5>                                    <span class=\"t-designation\">Eventor Live Max<\/span>                                <\/div>\r\n                            <\/div>\r\n                                                            <ul class=\"rating-star list-unstyled d-flex mb-1 gap-1\">\r\n                                    <li class=\"active\"><i class=\"fas fa-star\"><\/i><\/li><li class=\"active\"><i class=\"fas fa-star\"><\/i><\/li><li class=\"active\"><i class=\"fas fa-star\"><\/i><\/li><li class=\"active\"><i class=\"fas fa-star\"><\/i><\/li><li class=\"active\"><i class=\"fas fa-star\"><\/i><\/li>                                <\/ul>\r\n                                                        <span class=\"ratings_desc\">5\/5 Rating<\/span>                        <\/div>\r\n                                    <\/div>\r\n                <div class=\"carousel-nav\">\r\n                                        <button type=\"button\" class=\"main-left-arrow\"><i class=\"fas fa-chevron-left\"><\/i><\/button>\r\n                    <button type=\"button\" class=\"main-right-arrow\"><i class=\"fas fa-chevron-right\"><\/i><\/button>\r\n                <\/div>\r\n                                    <div class=\"dots img-moving-anim1\">\r\n                        <img decoding=\"async\" src=\"https:\/\/cop30.pactoglobal.org.br\/wp-content\/themes\/eventor\/assets\/images\/dots\/dots8.png\" alt=\"Shape Images\">\r\n                    <\/div>\r\n                            <\/div>\r\n            <\/div>\r\n            <div class=\"shape\"><img decoding=\"async\" src=\"https:\/\/cop30.pactoglobal.org.br\/wp-content\/themes\/eventor\/assets\/images\/shape\/3.svg\" alt=\"Shadow\"><\/div>\r\n    <\/section>\r\n<!-- about sec end -->\r\n\t\t\t\t<\/div>\n\t\t\t\t<\/div>\n\t\t\t\t<div class=\"elementor-element elementor-element-0cc4728 mb-0 elementor-hidden-desktop elementor-hidden-tablet elementor-hidden-mobile elementor-widget elementor-widget-event_faqs\" data-id=\"0cc4728\" data-element_type=\"widget\" data-widget_type=\"event_faqs.default\">\n\t\t\t\t<div class=\"elementor-widget-container\">\n\t\t\t\t\t<!-- about sec start -->\r\n<section class=\"event-faqs faq-sec position-relative bg-image\">\r\n    <div class=\"container\">\r\n        <div class=\"row g-4\">\r\n            <div class=\"col-lg-6 mb-3 mb-md-5 mb-lg-0\" data-aos=\"fade-right\" data-aos-duration=\"1000\">\r\n                                <h2 class=\"title mb-3\">Frequently asked questions, about the conference<\/h2>                <p class=\"desc mb-5\">Eventor Collaborative, brought to you by IBM, is where the most inventive and forward-thinking nonprofit leaders come together to discover emerging trends fundraising and technology.<\/p>                                    <a href=\"https:\/\/jthemes.net\/themes\/wp\/eventor\/blog\/\" class=\"btn faq-btn custom-btn\">Learn More<\/a>\r\n                            <\/div>\r\n\r\n                            <div class=\"col-lg-6\" data-aos=\"fade-left\" data-aos-duration=\"1000\">\r\n                    <div class=\"question-area\">\r\n                        <div class=\"accordion\" id=\"accordion-69f3c094da80c\">\r\n                                                            <div class=\"accordion-item\">\r\n                                    <h2 class=\"accordion-header\" id=\"heading-69f3c094da80c-0\">\r\n                                        <button class=\"accordion-button\" type=\"button\" data-bs-toggle=\"collapse\" data-bs-target=\"#collapse-69f3c094da80c-0\" aria-expanded=\"true\" aria-controls=\"collapse-69f3c094da80c-0\">\r\n                                            What is included in the ticket prices?                                        <\/button>\r\n                                    <\/h2>\r\n                                    <div id=\"collapse-69f3c094da80c-0\" class=\"accordion-collapse collapse show\" aria-labelledby=\"heading-69f3c094da80c-0\" data-bs-parent=\"#accordion-69f3c094da80c\">\r\n                                        <div class=\"accordion-body\">\r\n                                            Are you a developer interested in building web applications and at the same time thinking about multiple parts of the stack needed to build them? Then this conference is for you. Many of the sessions either touch a specific concept or go about multiple parts of the stack.                                         <\/div>\r\n                                    <\/div>\r\n                                <\/div>\r\n\r\n                                                    <\/div>\r\n                    <\/div>\r\n\r\n                                    <\/div>\r\n                    <\/div>\r\n    <\/div>\r\n    <\/section>\r\n<!-- about sec end -->\r\n    <div class=\"container\">\r\n        <hr>\r\n    <\/div>\r\n\t\t\t\t<\/div>\n\t\t\t\t<\/div>\n\t\t\t\t<div class=\"elementor-element elementor-element-d66bb8b mb-0 elementor-hidden-desktop elementor-hidden-tablet elementor-hidden-mobile elementor-widget elementor-widget-event_subscription\" data-id=\"d66bb8b\" data-element_type=\"widget\" data-widget_type=\"event_subscription.default\">\n\t\t\t\t<div class=\"elementor-widget-container\">\n\t\t\t\t\t\r\n<section class=\"event-subscription cta-sec\">\r\n\r\n    <div class=\"container\">\r\n\r\n        <div class=\"cta-content-wrap text-center aos-init aos-animate\" data-aos=\"fade-right\" data-aos-duration=\"1000\">\r\n\r\n                        <h2 class=\"cta-title  m-auto mb-4 mx-md-5\">The design, engineering, art, and science of programming <\/h2>            <p class=\"desc mb-5\">Join us for Eventor Collaborative: Virtual Sessions on October 2023<\/p>\r\n                            <form action=\"#\" class=\"event-subscription-form\">\r\n                    <input type=\"text\" name=\"email\" class=\"form-control placeholder\" placeholder=\"Enter Your Email\" required>\r\n                    <button class=\"custom-btn custom-btn2\">Submit<\/button>\r\n                <\/form>\r\n            \r\n                            <div class=\"dots\">\r\n\r\n                                            <img decoding=\"async\" src=\"https:\/\/jthemes.net\/themes\/wp\/eventor\/wp-content\/uploads\/2022\/11\/dots2.png\" alt=\"Shadow Image\" class=\"cta-dots-1 img-moving-anim1\">\r\n                    \r\n                                            <img decoding=\"async\" src=\"https:\/\/cop30.pactoglobal.org.br\/wp-content\/themes\/eventor\/assets\/images\/dots\/dots10.png\" alt=\"Shadow Image\" class=\"cta-dots-2 img-moving-anim2\">\r\n                    \r\n                <\/div>\r\n            \r\n        <\/div>\r\n\r\n    <\/div>\r\n\r\n            <div class=\"shape\">\r\n            <img decoding=\"async\" src=\"https:\/\/cop30.pactoglobal.org.br\/wp-content\/themes\/eventor\/assets\/images\/shape\/4.svg\" alt=\"Shape\">\r\n        <\/div>\r\n    \r\n<\/section>\t\t\t\t<\/div>\n\t\t\t\t<\/div>\n\t\t\t\t<div class=\"elementor-element elementor-element-2634f20 mb-0 elementor-hidden-desktop elementor-hidden-tablet elementor-hidden-mobile elementor-widget elementor-widget-event_contact\" data-id=\"2634f20\" data-element_type=\"widget\" id=\"contact\" data-widget_type=\"event_contact.default\">\n\t\t\t\t<div class=\"elementor-widget-container\">\n\t\t\t\t\t<!-- about sec start -->\r\n<section class=\"event-contact contact-sec position-relative bg-image\" data-aos=\"zoom-in\" data-aos-duration=\"1000\">\r\n    <div class=\"container\">\r\n\r\n        <div class=\"col-xl-5 section-head text-center m-auto mb-5\">\r\n            <span class=\"label\">\\\\\\ Contato \/\/\/<\/span>                                <\/div>\r\n\r\n        <div class=\"contact-wrap bg-none p-0\">\r\n                            <div class=\"dots\">\r\n                    <img decoding=\"async\" class=\"contact-dots-1 img-moving-anim2\" src=\"https:\/\/homologcop30.pactoglobal.org.br\/wp-content\/uploads\/2024\/11\/DOTS-VERTICAL.png\" alt=\"Shape Images\">\r\n                <\/div>\r\n            \r\n            <div class=\"contact-wrap row pt-40 pb-4 px-0 px-md-3 contact align-items-center m-0\">\r\n                <div class=\"col-lg-4\">\r\n                    <div class=\"contact-thumb-wrap\">\r\n                        <div class=\"contact-content\">\r\n                            <h5 class=\"title info_title text-white\">Contact Us<\/h5>                            <p class=\"desc info_subtitle\">Get in touch and let us know how we can help.<\/p>                                                            <div class=\"info\">\r\n                                                                            <a class=\"icon d-block mb-3\" href=\"mailto:conference@eventor.com\">\r\n                                            <img decoding=\"async\" src=\"https:\/\/jthemes.net\/themes\/wp\/eventor\/wp-content\/themes\/eventor\/assets\/images\/icon\/mail1.svg\" alt=\"email\">                                            <span class=\"info\">conference@eventor.com<\/span>\r\n                                        <\/a>\r\n                                                                            <a class=\"icon d-block mb-3\" href=\"#\">\r\n                                            <img decoding=\"async\" src=\"https:\/\/jthemes.net\/themes\/wp\/eventor\/wp-content\/themes\/eventor\/assets\/images\/icon\/map-pin2.svg\" alt=\"address\">                                            <span class=\"info\">1000 S Eighth Ave, NYC.<\/span>\r\n                                        <\/a>\r\n                                                                            <a class=\"icon d-block mb-3\" href=\"tel:+1%20(646)%20652-0000\">\r\n                                            <img decoding=\"async\" src=\"https:\/\/jthemes.net\/themes\/wp\/eventor\/wp-content\/themes\/eventor\/assets\/images\/icon\/phone3.svg\" alt=\"phone\">                                            <span class=\"info\">+1 (646) 652-0000<\/span>\r\n                                        <\/a>\r\n                                                                    <\/div>\r\n                                                    <\/div>\r\n                    <\/div>\r\n                <\/div>\r\n                <div class=\"col-lg-8 mt-4 mt-lg-0\">\r\n                    <div class=\"contact-form\">\r\n                        [contact-form-7 title=\"Event Contact Form\"]                    <\/div>\r\n                <\/div>\r\n            <\/div>\r\n            <!-- .row -->\r\n                            <div class=\"dots\">\r\n                    <img decoding=\"async\" class=\"contact-dots-2 img-moving-anim3\" src=\"https:\/\/homologcop30.pactoglobal.org.br\/wp-content\/uploads\/2024\/11\/DOTS-VERTICAL.png\" alt=\"Shape Images\">\r\n                <\/div>\r\n                    <\/div>\r\n\r\n    <\/div>\r\n    <\/section>\r\n<!-- about sec end -->\r\n\t\t\t\t<\/div>\n\t\t\t\t<\/div>\n\t\t\t\t\t<\/div>\n\t\t<\/div>\n\t\t\t\t\t<\/div>\n\t\t<\/section>\n\t\t\t\t<\/div>\n\t\t","protected":false},"excerpt":{"rendered":"<p>Rede Brasil do Pacto Global da ONU rumo \u00e0 COP30 Join Us Programme Mobilize the business sector in collective actions, projects, and capacity building for climate change mitigation and adaptation. Accelerating the integration of the climate agenda into business strategies to drive Brazil&#8217;s transition to a resilient and net-zero economy in a transparent, socially just,&hellip; <a class=\"more-link\" href=\"https:\/\/cop30.pactoglobal.org.br\/index.php\/en\/2026\/01\/30\/brazil-will-need-to-invest-more-than-r-3-trillion-to-eliminate-emissions-in-road-freight-transport-by-2050-study-shows\/\">Continue Reading <span class=\"screen-reader-text\">Brazil will need to invest more than R$ 3 trillion to eliminate emissions in road freight transport by 2050, study shows<\/span><\/a><\/p>\n","protected":false},"author":2,"featured_media":0,"parent":0,"menu_order":0,"comment_status":"closed","ping_status":"closed","template":"elementor_header_footer","meta":{"footnotes":""},"class_list":["post-1384","page","type-page","status-publish","hentry","entry","mb-50"],"_links":{"self":[{"href":"https:\/\/cop30.pactoglobal.org.br\/index.php\/wp-json\/wp\/v2\/pages\/1384","targetHints":{"allow":["GET"]}}],"collection":[{"href":"https:\/\/cop30.pactoglobal.org.br\/index.php\/wp-json\/wp\/v2\/pages"}],"about":[{"href":"https:\/\/cop30.pactoglobal.org.br\/index.php\/wp-json\/wp\/v2\/types\/page"}],"author":[{"embeddable":true,"href":"https:\/\/cop30.pactoglobal.org.br\/index.php\/wp-json\/wp\/v2\/users\/2"}],"replies":[{"embeddable":true,"href":"https:\/\/cop30.pactoglobal.org.br\/index.php\/wp-json\/wp\/v2\/comments?post=1384"}],"version-history":[{"count":39,"href":"https:\/\/cop30.pactoglobal.org.br\/index.php\/wp-json\/wp\/v2\/pages\/1384\/revisions"}],"predecessor-version":[{"id":2018,"href":"https:\/\/cop30.pactoglobal.org.br\/index.php\/wp-json\/wp\/v2\/pages\/1384\/revisions\/2018"}],"wp:attachment":[{"href":"https:\/\/cop30.pactoglobal.org.br\/index.php\/wp-json\/wp\/v2\/media?parent=1384"}],"curies":[{"name":"wp","href":"https:\/\/api.w.org\/{rel}","templated":true}]}}